{"id":2314,"date":"2022-12-04T16:52:54","date_gmt":"2022-12-04T16:52:54","guid":{"rendered":"https:\/\/www.jagalcaide.com\/aigua\/termos-electrics\/"},"modified":"2026-03-02T18:23:29","modified_gmt":"2026-03-02T18:23:29","slug":"termos-electrics","status":"publish","type":"page","link":"https:\/\/www.jagalcaide.com\/ca\/aigua\/termos-electrics\/","title":{"rendered":"Termos el\u00e8ctrics a Barcelona"},"content":{"rendered":"<p><div class=\"fusion-fullwidth fullwidth-box fusion-builder-row-1 fusion-flex-container has-pattern-background has-mask-background nonhundred-percent-fullwidth non-hundred-percent-height-scrolling\" style=\"--awb-border-radius-top-left:0px;--awb-border-radius-top-right:0px;--awb-border-radius-bottom-right:0px;--awb-border-radius-bottom-left:0px;\" ><div class=\"fusion-builder-row fusion-row fusion-flex-align-items-flex-start\" style=\"max-width:1248px;margin-left: calc(-4% \/ 2 );margin-right: calc(-4% \/ 2 );\"><div class=\"fusion-layout-column fusion_builder_column fusion-builder-column-0 fusion_builder_column_1_1 1_1 fusion-flex-column\" style=\"--awb-bg-size:cover;--awb-width-large:100%;--awb-margin-top-large:0px;--awb-spacing-right-large:1.92%;--awb-margin-bottom-large:20px;--awb-spacing-left-large:1.92%;--awb-width-medium:100%;--awb-order-medium:0;--awb-spacing-right-medium:1.92%;--awb-spacing-left-medium:1.92%;--awb-width-small:100%;--awb-order-small:0;--awb-spacing-right-small:1.92%;--awb-spacing-left-small:1.92%;\"><div class=\"fusion-column-wrapper fusion-column-has-shadow fusion-flex-justify-content-flex-start fusion-content-layout-column\"><div class=\"fusion-text fusion-text-1\"><div>\n<div class=\"standard-markdown grid-cols-1 grid &#091;&amp;_&gt;_*&#093;:min-w-0 gap-3\">\n<h3 class=\"text-text-100 mt-2 -mb-1 text-base font-bold\">Qu\u00e8 \u00e9s un termo el\u00e8ctric i com funciona?<\/h3>\n<\/div>\n<\/div>\n<div>\n<div class=\"standard-markdown grid-cols-1 grid &#091;&amp;_&gt;_*&#093;:min-w-0 gap-3\">\n<p class=\"font-claude-response-body break-words whitespace-normal leading-&#091;1.7&#093;\">Un termo el\u00e8ctric \u00e9s un acumulador d&#8217;aigua calenta sanit\u00e0ria que escalfa l&#8217;aigua mitjan\u00e7ant una resist\u00e8ncia el\u00e8ctrica i la mant\u00e9 calenta dins d&#8217;un dip\u00f2sit t\u00e8rmic a\u00efllat. A difer\u00e8ncia d&#8217;un escalfador de gas, no necessita xemeneia ni subministrament de gas, la qual cosa el converteix en la soluci\u00f3 perfecta per a pisos sense instal\u00b7laci\u00f3 de gas, segones resid\u00e8ncies, locals comercials o qualsevol espai on es necessiti aigua calenta de forma aut\u00f2noma i senzilla.<\/p>\n<\/div>\n<\/div>\n<div>\n<div class=\"standard-markdown grid-cols-1 grid &#091;&amp;_&gt;_*&#093;:min-w-0 gap-3\">\n<p class=\"font-claude-response-body break-words whitespace-normal leading-&#091;1.7&#093;\">El term\u00f2stat intern regula la temperatura de l&#8217;aigua (habitualment entre 45\u00b0C i 75\u00b0C) i activa la resist\u00e8ncia nom\u00e9s quan \u00e9s necessari, cosa que permet un consum controlat i eficient.<\/p>\n<\/div>\n<\/div>\n<\/div><div class=\"fusion-separator fusion-full-width-sep\" style=\"align-self: center;margin-left: auto;margin-right: auto;margin-top:30px;margin-bottom:30px;width:100%;\"><div class=\"fusion-separator-border sep-single sep-solid\" style=\"--awb-height:20px;--awb-amount:20px;border-color:var(--awb-color3);border-top-width:2px;\"><\/div><\/div><div class=\"fusion-text fusion-text-2\"><h3 class=\"text-text-100 mt-2 -mb-1 text-base font-bold\">Quina capacitat necessito?<\/h3>\n<p class=\"font-claude-response-body break-words whitespace-normal leading-&#091;1.7&#093;\">Triar b\u00e9 la capacitat \u00e9s clau per no quedar-se sense aigua calenta ni pagar de m\u00e9s en electricitat.<\/p>\n<p class=\"font-claude-response-body break-words whitespace-normal leading-&#091;1.7&#093;\"><strong>15 \u2013 30 litres:<\/strong> ideal per a \u00fas individual, lavabos d&#8217;oficina o un punt de consum puntual.<\/p>\n<p class=\"font-claude-response-body break-words whitespace-normal leading-&#091;1.7&#093;\"><strong>50 \u2013 80 litres:<\/strong> recomanat per a una o dues persones amb \u00fas habitual de dutxa.<\/p>\n<p class=\"font-claude-response-body break-words whitespace-normal leading-&#091;1.7&#093;\"><strong>100 \u2013 150 litres:<\/strong> l&#8217;opci\u00f3 m\u00e9s habitual per a fam\u00edlies de 3 o 4 persones.<\/p>\n<p class=\"font-claude-response-body break-words whitespace-normal leading-&#091;1.7&#093;\"><strong>200 litres o m\u00e9s:<\/strong> per a fam\u00edlies nombroses, comunitats de ve\u00efns, locals o instal\u00b7lacions amb consum elevat i continuat.<\/p>\n<p class=\"font-claude-response-body break-words whitespace-normal leading-&#091;1.7&#093;\">A JAG Alcaide t&#8217;assessorem per trobar la capacitat exacta segons els teus h\u00e0bits de consum i l&#8217;espai disponible al teu habitatge.<\/p>\n<\/div><div class=\"fusion-separator fusion-full-width-sep\" style=\"align-self: center;margin-left: auto;margin-right: auto;margin-top:30px;margin-bottom:30px;width:100%;\"><div class=\"fusion-separator-border sep-single sep-solid\" style=\"--awb-height:20px;--awb-amount:20px;border-color:var(--awb-color3);border-top-width:2px;\"><\/div><\/div><div class=\"fusion-text fusion-text-3\"><h3 class=\"text-text-100 mt-2 -mb-1 text-base font-bold\">Termo vertical o termo horitzontal: quin et conv\u00e9?<\/h3>\n<p class=\"font-claude-response-body break-words whitespace-normal leading-&#091;1.7&#093;\"><strong>Termos verticals<\/strong> s\u00f3n els m\u00e9s comuns. Ocupen menys espai en planta i s&#8217;instal\u00b7len habitualment en banys, safareigs o trasters. El seu rendiment t\u00e8rmic \u00e9s lleugerament superior perqu\u00e8 l&#8217;estratificaci\u00f3 de l&#8217;aigua calenta \u00e9s m\u00e9s eficient.<\/p>\n<p class=\"font-claude-response-body break-words whitespace-normal leading-&#091;1.7&#093;\"><strong>Termos horitzontals<\/strong> s&#8217;instal\u00b7len al sostre o en espais on no hi ha paret disponible per a un aparell vertical. S\u00f3n perfectes per a banys petits o quan el termo ha de quedar per sobre de la banyera o en un espai redu\u00eft en al\u00e7ada.<\/p>\n<\/div><\/div><\/div><\/div><\/div><div class=\"fusion-fullwidth fullwidth-box fusion-builder-row-2 fusion-flex-container has-pattern-background has-mask-background nonhundred-percent-fullwidth non-hundred-percent-height-scrolling\" style=\"--awb-border-radius-top-left:0px;--awb-border-radius-top-right:0px;--awb-border-radius-bottom-right:0px;--awb-border-radius-bottom-left:0px;\" ><div class=\"fusion-builder-row fusion-row fusion-flex-align-items-flex-start\" style=\"max-width:1248px;margin-left: calc(-4% \/ 2 );margin-right: calc(-4% \/ 2 );\"><div class=\"fusion-layout-column fusion_builder_column fusion-builder-column-1 fusion_builder_column_1_4 1_4 fusion-flex-column fusion-flex-align-self-stretch\" style=\"--awb-padding-top:10px;--awb-padding-right:15px;--awb-padding-bottom:10px;--awb-padding-left:15px;--awb-bg-size:cover;--awb-border-color:#e2e2e2;--awb-border-top:1px;--awb-border-right:1px;--awb-border-bottom:1px;--awb-border-left:1px;--awb-border-style:solid;--awb-width-large:25%;--awb-margin-top-large:0px;--awb-spacing-right-large:3.84%;--awb-margin-bottom-large:20px;--awb-spacing-left-large:7.68%;--awb-width-medium:25%;--awb-order-medium:0;--awb-spacing-right-medium:3.84%;--awb-spacing-left-medium:7.68%;--awb-width-small:100%;--awb-order-small:0;--awb-spacing-right-small:1.92%;--awb-spacing-left-small:1.92%;\"><div class=\"fusion-column-wrapper fusion-column-has-shadow fusion-flex-justify-content-flex-start fusion-content-layout-column\"><div class=\"fusion-image-element \" style=\"text-align:center;--awb-caption-title-font-family:var(--h2_typography-font-family);--awb-caption-title-font-weight:var(--h2_typography-font-weight);--awb-caption-title-font-style:var(--h2_typography-font-style);--awb-caption-title-size:var(--h2_typography-font-size);--awb-caption-title-transform:var(--h2_typography-text-transform);--awb-caption-title-line-height:var(--h2_typography-line-height);--awb-caption-title-letter-spacing:var(--h2_typography-letter-spacing);\"><span class=\" fusion-imageframe imageframe-none imageframe-1 hover-type-none\" class=\"image-scroll\"><a href=\"https:\/\/www.jagalcaide.com\/wp-content\/uploads\/2022\/12\/termos_electricos-1.jpg\" class=\"fusion-lightbox\" data-rel=\"iLightbox[08b27e0d1cf030ce317]\" data-title=\"Termo el\u00e9ctrico Junkers Elacell\" title=\"Termo el\u00e9ctrico Junkers Elacell\"><img decoding=\"async\" width=\"161\" height=\"258\" alt=\"Termo el\u00e8ctric Junkers Elacell\" src=\"data:image\/svg+xml,%3Csvg%20xmlns%3D%27http%3A%2F%2Fwww.w3.org%2F2000%2Fsvg%27%20width%3D%27161%27%20height%3D%27258%27%20viewBox%3D%270%200%20161%20258%27%3E%3Crect%20width%3D%27161%27%20height%3D%27258%27%20fill-opacity%3D%220%22%2F%3E%3C%2Fsvg%3E\" data-orig-src=\"https:\/\/www.jagalcaide.com\/wp-content\/uploads\/2022\/12\/termos_electricos-1.jpg\" class=\"lazyload img-responsive wp-image-1832\"\/><\/a><\/span><\/div><div class=\"fusion-text fusion-text-4\"><h4>Termo el\u00e8ctric Junkers Elacell<\/h4>\n<p>Disponible per capacitats entre 35-100l<\/p>\n<\/div><\/div><\/div><div class=\"fusion-layout-column fusion_builder_column fusion-builder-column-2 fusion_builder_column_1_4 1_4 fusion-flex-column fusion-flex-align-self-stretch\" style=\"--awb-padding-top:10px;--awb-padding-right:15px;--awb-padding-bottom:10px;--awb-padding-left:15px;--awb-bg-size:cover;--awb-border-color:#e2e2e2;--awb-border-top:1px;--awb-border-right:1px;--awb-border-bottom:1px;--awb-border-left:1px;--awb-border-style:solid;--awb-width-large:25%;--awb-margin-top-large:0px;--awb-spacing-right-large:7.68%;--awb-margin-bottom-large:20px;--awb-spacing-left-large:3.84%;--awb-width-medium:25%;--awb-order-medium:0;--awb-spacing-right-medium:7.68%;--awb-spacing-left-medium:3.84%;--awb-width-small:100%;--awb-order-small:0;--awb-spacing-right-small:1.92%;--awb-spacing-left-small:1.92%;\"><div class=\"fusion-column-wrapper fusion-column-has-shadow fusion-flex-justify-content-flex-start fusion-content-layout-column\"><div class=\"fusion-image-element \" style=\"text-align:center;--awb-caption-title-font-family:var(--h2_typography-font-family);--awb-caption-title-font-weight:var(--h2_typography-font-weight);--awb-caption-title-font-style:var(--h2_typography-font-style);--awb-caption-title-size:var(--h2_typography-font-size);--awb-caption-title-transform:var(--h2_typography-text-transform);--awb-caption-title-line-height:var(--h2_typography-line-height);--awb-caption-title-letter-spacing:var(--h2_typography-letter-spacing);\"><span class=\" fusion-imageframe imageframe-none imageframe-2 hover-type-none\" class=\"image-scroll\"><a href=\"https:\/\/www.jagalcaide.com\/wp-content\/uploads\/2022\/12\/termos_electricos2-1.jpg\" class=\"fusion-lightbox\" data-rel=\"iLightbox[35c3063a6b2efd90e0e]\" data-title=\"Termo el\u00e9ctrico Junkers Elacell Smart\" title=\"Termo el\u00e9ctrico Junkers Elacell Smart\"><img decoding=\"async\" width=\"161\" height=\"258\" alt=\"Termo el\u00e8ctric Junkers Elacell Smart\" src=\"data:image\/svg+xml,%3Csvg%20xmlns%3D%27http%3A%2F%2Fwww.w3.org%2F2000%2Fsvg%27%20width%3D%27161%27%20height%3D%27258%27%20viewBox%3D%270%200%20161%20258%27%3E%3Crect%20width%3D%27161%27%20height%3D%27258%27%20fill-opacity%3D%220%22%2F%3E%3C%2Fsvg%3E\" data-orig-src=\"https:\/\/www.jagalcaide.com\/wp-content\/uploads\/2022\/12\/termos_electricos2-1.jpg\" class=\"lazyload img-responsive wp-image-1834\"\/><\/a><\/span><\/div><div class=\"fusion-text fusion-text-5\"><h4>Termo el\u00e8ctric Junkers Elacell Smart<\/h4>\n<p>Amb capacitar de fin a 200l.<\/p>\n<\/div><\/div><\/div><div class=\"fusion-layout-column fusion_builder_column fusion-builder-column-3 fusion_builder_column_1_2 1_2 fusion-flex-column fusion-flex-align-self-stretch\" style=\"--awb-bg-size:cover;--awb-width-large:50%;--awb-margin-top-large:0px;--awb-spacing-right-large:3.84%;--awb-margin-bottom-large:20px;--awb-spacing-left-large:3.84%;--awb-width-medium:50%;--awb-order-medium:0;--awb-spacing-right-medium:3.84%;--awb-spacing-left-medium:3.84%;--awb-width-small:100%;--awb-order-small:0;--awb-spacing-right-small:1.92%;--awb-spacing-left-small:1.92%;\"><div class=\"fusion-column-wrapper fusion-column-has-shadow fusion-flex-justify-content-flex-start fusion-content-layout-column\"><div class=\"fusion-text fusion-text-6\"><p>A <strong>J.A.G<\/strong> Alcaide oferim diferents gammes i programes de termos el\u00e8ctrics amb diferents capacitats, des dels 15 litres fins als m\u00e9s de 500.<\/p>\n<p>Els <strong>termos el\u00e8ctrics<\/strong> s\u00f3n ideals per a aquells llocs on els per\u00edodes d\u2019utilitzaci\u00f3 no siguin constants com ara apartaments de vacances, cases de poble, etc., i a m\u00e9s compten amb el gran avantatge que tenen un term\u00f2stat que regula la temperatura i que la seva instal\u00b7laci\u00f3 \u00e9s senzilla, a m\u00e9s d\u2019estar protegits contra la corrosi\u00f3.<\/p>\n<p>Comptem amb <strong>termos el\u00e8ctrics anal\u00f2gics i digitals<\/strong> i t\u2019ajudarem a triar el que m\u00e9s et convingui segons les necessitats i usos que els vagis a donar.<br \/>\nTrabajamos, entre otras, con la marcas Junkers , Fleck , Neckar y Ariston.<br \/>\nTreballem, entre altres, amb la marques Junkers, Fleck, Neckar i Ariston.<br \/>\nEns avala una gran experi\u00e8ncia amb aquest tipus d\u2019aparells, ja que entre els treballs realitzats consta gran part de la instal\u00b7laci\u00f3 de termos en els aparcaments de BSM.<\/p>\n<\/div><\/div><\/div><\/div><\/div><div class=\"fusion-fullwidth fullwidth-box fusion-builder-row-3 fusion-flex-container has-pattern-background has-mask-background nonhundred-percent-fullwidth non-hundred-percent-height-scrolling\" style=\"--awb-border-radius-top-left:0px;--awb-border-radius-top-right:0px;--awb-border-radius-bottom-right:0px;--awb-border-radius-bottom-left:0px;\" ><div class=\"fusion-builder-row fusion-row fusion-flex-align-items-flex-start\" style=\"max-width:1248px;margin-left: calc(-4% \/ 2 );margin-right: calc(-4% \/ 2 );\"><div class=\"fusion-layout-column fusion_builder_column fusion-builder-column-4 fusion_builder_column_1_1 1_1 fusion-flex-column\" style=\"--awb-bg-size:cover;--awb-width-large:100%;--awb-margin-top-large:0px;--awb-spacing-right-large:1.92%;--awb-margin-bottom-large:20px;--awb-spacing-left-large:1.92%;--awb-width-medium:100%;--awb-order-medium:0;--awb-spacing-right-medium:1.92%;--awb-spacing-left-medium:1.92%;--awb-width-small:100%;--awb-order-small:0;--awb-spacing-right-small:1.92%;--awb-spacing-left-small:1.92%;\"><div class=\"fusion-column-wrapper fusion-column-has-shadow fusion-flex-justify-content-flex-start fusion-content-layout-column\"><div class=\"fusion-text fusion-text-7\"><h3 class=\"text-text-100 mt-2 -mb-1 text-base font-bold\">Instal\u00b7laci\u00f3 i reparaci\u00f3 de termos el\u00e8ctrics a Barcelona<\/h3>\n<p class=\"font-claude-response-body break-words whitespace-normal leading-&#091;1.7&#093;\">A JAG Alcaide no nom\u00e9s instal\u00b7lem termos nous: tamb\u00e9 realitzem el manteniment preventiu i la reparaci\u00f3 de termos el\u00e8ctrics existents. Si el teu termo ja no escalfa b\u00e9, perd aigua, fa soroll o simplement ha arribat al final de la seva vida \u00fatil, el nostre equip t\u00e8cnic pot diagnosticar l&#8217;avaria i oferir-te la millor soluci\u00f3.<\/p>\n<p class=\"font-claude-response-body break-words whitespace-normal leading-&#091;1.7&#093;\">Els treballs m\u00e9s habituals que realitzem s\u00f3n:<\/p>\n<ul class=\"&#091;li_&amp;&#093;:mb-0 &#091;li_&amp;&#093;:mt-1 &#091;li_&amp;&#093;:gap-1 &#091;&amp;:not(:last-child)_ul&#093;:pb-1 &#091;&amp;:not(:last-child)_ol&#093;:pb-1 list-disc flex flex-col gap-1 pl-8 mb-3\">\n<li class=\"whitespace-normal break-words pl-2\">Instal\u00b7laci\u00f3 completa de termo el\u00e8ctric nou (retirada de l&#8217;antic inclosa)<\/li>\n<li class=\"whitespace-normal break-words pl-2\">Substituci\u00f3 de resist\u00e8ncia el\u00e8ctrica<\/li>\n<li class=\"whitespace-normal break-words pl-2\">Canvi d&#8217;\u00e0node de magnesi (manteniment preventiu recomanat cada 2-3 anys)<\/li>\n<li class=\"whitespace-normal break-words pl-2\">Reparaci\u00f3 de fuites en connexions i v\u00e0lvules<\/li>\n<li class=\"whitespace-normal break-words pl-2\">Revisi\u00f3 de term\u00f2stat i ajust de temperatura<\/li>\n<li class=\"whitespace-normal break-words pl-2\">Buidat, neteja i purga del dip\u00f2sit<\/li>\n<\/ul>\n<p class=\"font-claude-response-body break-words whitespace-normal leading-&#091;1.7&#093;\">Cobrim Barcelona ciutat i \u00e0rea metropolitana, amb especial pres\u00e8ncia als barris de Gr\u00e0cia, Eixample, Sant Gervasi, Sarri\u00e0, Horta i Nou Barris.<\/p>\n<\/div><div class=\"fusion-separator fusion-full-width-sep\" style=\"align-self: center;margin-left: auto;margin-right: auto;margin-top:30px;margin-bottom:30px;width:100%;\"><div class=\"fusion-separator-border sep-single sep-solid\" style=\"--awb-height:20px;--awb-amount:20px;border-color:var(--awb-color3);border-top-width:2px;\"><\/div><\/div><div class=\"fusion-text fusion-text-8\"><h3 class=\"text-text-100 mt-2 -mb-1 text-base font-bold\">Preguntes freq\u00fcents sobre termos el\u00e8ctrics<\/h3>\n<p class=\"font-claude-response-body break-words whitespace-normal leading-&#091;1.7&#093;\"><strong>Quant consumeix un termo el\u00e8ctric?<\/strong> Dep\u00e8n de la capacitat i l&#8217;\u00fas, per\u00f2 un termo de 80 litres consumeix aproximadament entre 1.500 i 2.000 W durant l&#8217;escalfament. Un cop assolida la temperatura, el consum es redueix dr\u00e0sticament perqu\u00e8 nom\u00e9s actua per mantenir la calor. Programar l&#8217;encesa en hores vall (tarifa nocturna) pot reduir el cost el\u00e8ctric considerablement.<\/p>\n<p class=\"font-claude-response-body break-words whitespace-normal leading-&#091;1.7&#093;\"><strong>Cada quant s&#8217;ha de canviar l&#8217;\u00e0node de magnesi?<\/strong> Es recomana revisar-lo cada 2 anys i canviar-lo cada 3-5 anys depenent de la duresa de l&#8217;aigua. A Barcelona, amb aigua dura, \u00e9s especialment important per evitar la corrosi\u00f3 interior del dip\u00f2sit i allargar la vida \u00fatil de l&#8217;aparell.<\/p>\n<p class=\"font-claude-response-body break-words whitespace-normal leading-&#091;1.7&#093;\"><strong>Quant costa instal\u00b7lar un termo el\u00e8ctric a Barcelona?<\/strong> El preu varia segons la capacitat de l&#8217;equip, la marca i les condicions de la instal\u00b7laci\u00f3. Contacta&#8217;ns i et preparem un pressupost sense comprom\u00eds adaptat al teu cas.<\/p>\n<p class=\"font-claude-response-body break-words whitespace-normal leading-&#091;1.7&#093;\"><strong>Quant dura un termo el\u00e8ctric?<\/strong> Amb un manteniment adequat, la vida \u00fatil mitjana \u00e9s d&#8217;entre 10 i 15 anys. L&#8217;\u00e0node de magnesi \u00e9s la pe\u00e7a clau a revisar peri\u00f2dicament per no escur\u00e7ar aquesta vida \u00fatil.<\/p>\n<p class=\"font-claude-response-body break-words whitespace-normal leading-&#091;1.7&#093;\"><strong>Puc instal\u00b7lar un termo el\u00e8ctric si no tinc gas al pis?<\/strong> S\u00ed, de fet \u00e9s un dels grans avantatges del termo el\u00e8ctric: nom\u00e9s necessita una presa d&#8217;aigua i un endoll. No requereix xemeneia ni obra de gas.<\/p>\n<\/div><\/div><\/div><\/div><\/div><\/p>\n","protected":false},"excerpt":{"rendered":"","protected":false},"author":12,"featured_media":0,"parent":2308,"menu_order":0,"comment_status":"closed","ping_status":"closed","template":"100-width.php","meta":{"_acf_changed":false,"_yoast_wpseo_focuskw":"termos","_yoast_wpseo_title":"Termos el\u00e8ctrics de primeres marques a JAG Alcaide Barcelona","_yoast_wpseo_metadesc":"Instal\u00b7lem i reparem termos el\u00e8ctrics a Barcelona de les millors marques. Des de 15 fins a 500 litres. Pressupost sense comprom\u00eds","footnotes":""},"class_list":["post-2314","page","type-page","status-publish","hentry"],"acf":[],"translation_of":672,"jag_meta_title":"Termos el\u00e8ctrics de primeres marques a JAG Alcaide Barcelona","jag_meta_desc":"Instal\u00b7lem i reparem termos el\u00e8ctrics a Barcelona de les millors marques. Des de 15 fins a 500 litres. Pressupost sense comprom\u00eds","yoast_head":"<!-- This site is optimized with the Yoast SEO plugin v27.5 - https:\/\/yoast.com\/product\/yoast-seo-wordpress\/ -->\n<title>Termos el\u00e8ctrics de primeres marques a JAG Alcaide Barcelona<\/title>\n<meta name=\"description\" content=\"Instal\u00b7lem i reparem termos el\u00e8ctrics a Barcelona de les millors marques. Des de 15 fins a 500 litres. Pressupost sense comprom\u00eds\" \/>\n<meta name=\"robots\" content=\"index, follow, max-snippet:-1, max-image-preview:large, max-video-preview:-1\" \/>\n<link rel=\"canonical\" href=\"https:\/\/www.jagalcaide.com\/ca\/aigua\/termos-electrics\/\" \/>\n<meta property=\"og:locale\" content=\"ca_ES\" \/>\n<meta property=\"og:type\" content=\"article\" \/>\n<meta property=\"og:title\" content=\"Termos el\u00e8ctrics de primeres marques a JAG Alcaide Barcelona\" \/>\n<meta property=\"og:description\" content=\"Instal\u00b7lem i reparem termos el\u00e8ctrics a Barcelona de les millors marques. Des de 15 fins a 500 litres. Pressupost sense comprom\u00eds\" \/>\n<meta property=\"og:url\" content=\"https:\/\/www.jagalcaide.com\/ca\/aigua\/termos-electrics\/\" \/>\n<meta property=\"og:site_name\" content=\"JAG ALCAIDE \u2013 Instalaci\u00f3n, reparaci\u00f3n y mantenimiento en Barcelona\" \/>\n<meta property=\"article:modified_time\" content=\"2026-03-02T18:23:29+00:00\" \/>\n<meta name=\"twitter:card\" content=\"summary_large_image\" \/>\n<meta name=\"twitter:site\" content=\"@JAGAlcaideSL\" \/>\n<meta name=\"twitter:label1\" content=\"Temps estimat de lectura\" \/>\n\t<meta name=\"twitter:data1\" content=\"5 minuts\" \/>\n<script type=\"application\/ld+json\" class=\"yoast-schema-graph\">{\"@context\":\"https:\\\/\\\/schema.org\",\"@graph\":[{\"@type\":\"WebPage\",\"@id\":\"https:\\\/\\\/www.jagalcaide.com\\\/ca\\\/aigua\\\/termos-electrics\\\/\",\"url\":\"https:\\\/\\\/www.jagalcaide.com\\\/ca\\\/aigua\\\/termos-electrics\\\/\",\"name\":\"Termos el\u00e8ctrics de primeres marques a JAG Alcaide Barcelona\",\"isPartOf\":{\"@id\":\"https:\\\/\\\/www.jagalcaide.com\\\/ca\\\/#website\"},\"datePublished\":\"2022-12-04T16:52:54+00:00\",\"dateModified\":\"2026-03-02T18:23:29+00:00\",\"description\":\"Instal\u00b7lem i reparem termos el\u00e8ctrics a Barcelona de les millors marques. Des de 15 fins a 500 litres. Pressupost sense comprom\u00eds\",\"breadcrumb\":{\"@id\":\"https:\\\/\\\/www.jagalcaide.com\\\/ca\\\/aigua\\\/termos-electrics\\\/#breadcrumb\"},\"inLanguage\":\"ca\",\"potentialAction\":[{\"@type\":\"ReadAction\",\"target\":[\"https:\\\/\\\/www.jagalcaide.com\\\/ca\\\/aigua\\\/termos-electrics\\\/\"]}]},{\"@type\":\"BreadcrumbList\",\"@id\":\"https:\\\/\\\/www.jagalcaide.com\\\/ca\\\/aigua\\\/termos-electrics\\\/#breadcrumb\",\"itemListElement\":[{\"@type\":\"ListItem\",\"position\":1,\"name\":\"Portada\",\"item\":\"https:\\\/\\\/www.jagalcaide.com\\\/ca\\\/\"},{\"@type\":\"ListItem\",\"position\":2,\"name\":\"Instal.lacions d&#8217;Aigua a Barcelona\",\"item\":\"https:\\\/\\\/www.jagalcaide.com\\\/ca\\\/aigua\\\/\"},{\"@type\":\"ListItem\",\"position\":3,\"name\":\"Termos el\u00e8ctrics a Barcelona\"}]},{\"@type\":\"WebSite\",\"@id\":\"https:\\\/\\\/www.jagalcaide.com\\\/ca\\\/#website\",\"url\":\"https:\\\/\\\/www.jagalcaide.com\\\/ca\\\/\",\"name\":\"JAG Alcaide - Instalaci\u00f3n y reparaci\u00f3n de Aire Acondicionado y Calderas\",\"description\":\"Otro sitio realizado con WordPress\",\"publisher\":{\"@id\":\"https:\\\/\\\/www.jagalcaide.com\\\/ca\\\/#organization\"},\"potentialAction\":[{\"@type\":\"SearchAction\",\"target\":{\"@type\":\"EntryPoint\",\"urlTemplate\":\"https:\\\/\\\/www.jagalcaide.com\\\/ca\\\/?s={search_term_string}\"},\"query-input\":{\"@type\":\"PropertyValueSpecification\",\"valueRequired\":true,\"valueName\":\"search_term_string\"}}],\"inLanguage\":\"ca\"},{\"@type\":\"Organization\",\"@id\":\"https:\\\/\\\/www.jagalcaide.com\\\/ca\\\/#organization\",\"name\":\"JAG Alcaide\",\"url\":\"https:\\\/\\\/www.jagalcaide.com\\\/ca\\\/\",\"logo\":{\"@type\":\"ImageObject\",\"inLanguage\":\"ca\",\"@id\":\"https:\\\/\\\/www.jagalcaide.com\\\/ca\\\/#\\\/schema\\\/logo\\\/image\\\/\",\"url\":\"https:\\\/\\\/www.jagalcaide.com\\\/wp-content\\\/uploads\\\/2023\\\/05\\\/logo-alcaide-gran.jpg\",\"contentUrl\":\"https:\\\/\\\/www.jagalcaide.com\\\/wp-content\\\/uploads\\\/2023\\\/05\\\/logo-alcaide-gran.jpg\",\"width\":696,\"height\":696,\"caption\":\"JAG Alcaide\"},\"image\":{\"@id\":\"https:\\\/\\\/www.jagalcaide.com\\\/ca\\\/#\\\/schema\\\/logo\\\/image\\\/\"},\"sameAs\":[\"https:\\\/\\\/x.com\\\/JAGAlcaideSL\",\"https:\\\/\\\/www.instagram.com\\\/jagalcaide\\\/\",\"https:\\\/\\\/www.linkedin.com\\\/company\\\/j-a-g-alcaide-s-l-\"]}]}<\/script>\n<!-- \/ Yoast SEO plugin. -->","yoast_head_json":{"title":"Termos el\u00e8ctrics de primeres marques a JAG Alcaide Barcelona","description":"Instal\u00b7lem i reparem termos el\u00e8ctrics a Barcelona de les millors marques. Des de 15 fins a 500 litres. Pressupost sense comprom\u00eds","robots":{"index":"index","follow":"follow","max-snippet":"max-snippet:-1","max-image-preview":"max-image-preview:large","max-video-preview":"max-video-preview:-1"},"canonical":"https:\/\/www.jagalcaide.com\/ca\/aigua\/termos-electrics\/","og_locale":"ca_ES","og_type":"article","og_title":"Termos el\u00e8ctrics de primeres marques a JAG Alcaide Barcelona","og_description":"Instal\u00b7lem i reparem termos el\u00e8ctrics a Barcelona de les millors marques. Des de 15 fins a 500 litres. Pressupost sense comprom\u00eds","og_url":"https:\/\/www.jagalcaide.com\/ca\/aigua\/termos-electrics\/","og_site_name":"JAG ALCAIDE \u2013 Instalaci\u00f3n, reparaci\u00f3n y mantenimiento en Barcelona","article_modified_time":"2026-03-02T18:23:29+00:00","twitter_card":"summary_large_image","twitter_site":"@JAGAlcaideSL","twitter_misc":{"Temps estimat de lectura":"5 minuts"},"schema":{"@context":"https:\/\/schema.org","@graph":[{"@type":"WebPage","@id":"https:\/\/www.jagalcaide.com\/ca\/aigua\/termos-electrics\/","url":"https:\/\/www.jagalcaide.com\/ca\/aigua\/termos-electrics\/","name":"Termos el\u00e8ctrics de primeres marques a JAG Alcaide Barcelona","isPartOf":{"@id":"https:\/\/www.jagalcaide.com\/ca\/#website"},"datePublished":"2022-12-04T16:52:54+00:00","dateModified":"2026-03-02T18:23:29+00:00","description":"Instal\u00b7lem i reparem termos el\u00e8ctrics a Barcelona de les millors marques. Des de 15 fins a 500 litres. Pressupost sense comprom\u00eds","breadcrumb":{"@id":"https:\/\/www.jagalcaide.com\/ca\/aigua\/termos-electrics\/#breadcrumb"},"inLanguage":"ca","potentialAction":[{"@type":"ReadAction","target":["https:\/\/www.jagalcaide.com\/ca\/aigua\/termos-electrics\/"]}]},{"@type":"BreadcrumbList","@id":"https:\/\/www.jagalcaide.com\/ca\/aigua\/termos-electrics\/#breadcrumb","itemListElement":[{"@type":"ListItem","position":1,"name":"Portada","item":"https:\/\/www.jagalcaide.com\/ca\/"},{"@type":"ListItem","position":2,"name":"Instal.lacions d&#8217;Aigua a Barcelona","item":"https:\/\/www.jagalcaide.com\/ca\/aigua\/"},{"@type":"ListItem","position":3,"name":"Termos el\u00e8ctrics a Barcelona"}]},{"@type":"WebSite","@id":"https:\/\/www.jagalcaide.com\/ca\/#website","url":"https:\/\/www.jagalcaide.com\/ca\/","name":"JAG Alcaide - Instalaci\u00f3n y reparaci\u00f3n de Aire Acondicionado y Calderas","description":"Otro sitio realizado con WordPress","publisher":{"@id":"https:\/\/www.jagalcaide.com\/ca\/#organization"},"potentialAction":[{"@type":"SearchAction","target":{"@type":"EntryPoint","urlTemplate":"https:\/\/www.jagalcaide.com\/ca\/?s={search_term_string}"},"query-input":{"@type":"PropertyValueSpecification","valueRequired":true,"valueName":"search_term_string"}}],"inLanguage":"ca"},{"@type":"Organization","@id":"https:\/\/www.jagalcaide.com\/ca\/#organization","name":"JAG Alcaide","url":"https:\/\/www.jagalcaide.com\/ca\/","logo":{"@type":"ImageObject","inLanguage":"ca","@id":"https:\/\/www.jagalcaide.com\/ca\/#\/schema\/logo\/image\/","url":"https:\/\/www.jagalcaide.com\/wp-content\/uploads\/2023\/05\/logo-alcaide-gran.jpg","contentUrl":"https:\/\/www.jagalcaide.com\/wp-content\/uploads\/2023\/05\/logo-alcaide-gran.jpg","width":696,"height":696,"caption":"JAG Alcaide"},"image":{"@id":"https:\/\/www.jagalcaide.com\/ca\/#\/schema\/logo\/image\/"},"sameAs":["https:\/\/x.com\/JAGAlcaideSL","https:\/\/www.instagram.com\/jagalcaide\/","https:\/\/www.linkedin.com\/company\/j-a-g-alcaide-s-l-"]}]}},"wpml_current_locale":"ca","wpml_translations":{"en_US":{"locale":"en_US","id":2492,"slug":"electric-boilers","post_title":"Electric boilers in Barcelona","href":"https:\/\/www.jagalcaide.com\/en\/water\/electric-boilers\/"},"es_ES":{"locale":"es_ES","id":672,"slug":"termos-electricos-barcelona","post_title":"Termos el\u00e9ctricos en Barcelona","href":"https:\/\/www.jagalcaide.com\/agua\/termos-electricos-barcelona\/"}},"_links":{"self":[{"href":"https:\/\/www.jagalcaide.com\/ca\/wp-json\/wp\/v2\/pages\/2314","targetHints":{"allow":["GET"]}}],"collection":[{"href":"https:\/\/www.jagalcaide.com\/ca\/wp-json\/wp\/v2\/pages"}],"about":[{"href":"https:\/\/www.jagalcaide.com\/ca\/wp-json\/wp\/v2\/types\/page"}],"author":[{"embeddable":true,"href":"https:\/\/www.jagalcaide.com\/ca\/wp-json\/wp\/v2\/users\/12"}],"replies":[{"embeddable":true,"href":"https:\/\/www.jagalcaide.com\/ca\/wp-json\/wp\/v2\/comments?post=2314"}],"version-history":[{"count":0,"href":"https:\/\/www.jagalcaide.com\/ca\/wp-json\/wp\/v2\/pages\/2314\/revisions"}],"up":[{"embeddable":true,"href":"https:\/\/www.jagalcaide.com\/ca\/wp-json\/wp\/v2\/pages\/2308"}],"wp:attachment":[{"href":"https:\/\/www.jagalcaide.com\/ca\/wp-json\/wp\/v2\/media?parent=2314"}],"curies":[{"name":"wp","href":"https:\/\/api.w.org\/{rel}","templated":true}]}}