{"id":2395,"date":"2023-03-05T22:01:43","date_gmt":"2023-03-05T22:01:43","guid":{"rendered":"https:\/\/www.jagalcaide.com\/producto\/aire-condicionat-bosch-climate-3000i-set-70-we\/"},"modified":"2025-05-10T10:53:26","modified_gmt":"2025-05-10T10:53:26","slug":"aire-condicionat-bosch-climate-3000i-set-70-we","status":"publish","type":"product","link":"https:\/\/www.jagalcaide.com\/ca\/producte\/aire-condicionat-bosch-climate-3000i-set-70-we\/","title":{"rendered":"Aire condicionat Bosch Climate 3000I SET 70 WE"},"content":{"rendered":"<h1 class=\"product-full__title\">CLIMATE 3000i SET 70 WE<\/h1>\n<h3><b>Preu: 1950\u20ac IVA incl\u00f2s i instal\u00b7laci\u00f3 fins a 3m.<\/b><\/h3>\n<h3 class=\"product-full__subtitle\" style=\"text-align: justify;\"><em>La gamma Climate 3000i SET 70 WE s&#8217;integra a la perfecci\u00f3 a casa teva.<\/em><\/h3>\n<div class=\"product-full__body\">\n<form id=\"collapse-text-dynamic-form-number-1\" accept-charset=\"UTF-8\" action=\"http:\/\/www.mitsubishielectric.es\/aire-acondicionado\/productos\/serie-msz-sfgf\" method=\"post\">\n<div class=\"collapse-text-text\" style=\"text-align: justify;\">\n<h2 style=\"text-align: justify;\">L&#8217;aire condicionat Bosch Climate 3000i SET 70 WE \u00e9s una soluci\u00f3 de climatitzaci\u00f3 d&#8217;alta qualitat i efici\u00e8ncia energ\u00e8tica dissenyada per oferir un ambient confortable i saludable a casa o al lloc de treball. \u00c9s l&#8217;elecci\u00f3 perfecta per a aquells que busquen un aire condicionat d&#8217;alt rendiment i f\u00e0cil d&#8217;utilitzar.<\/h2>\n<\/div>\n<div class=\"video-shortcode\"><iframe class=\"lazyload\" title=\"Nueva gama de Aire Acondicionado Climate ahora con marca Bosch\" width=\"1200\" height=\"675\" src=\"data:image\/svg+xml,%3Csvg%20xmlns%3D%27http%3A%2F%2Fwww.w3.org%2F2000%2Fsvg%27%20width%3D%271200%27%20height%3D%27675%27%20viewBox%3D%270%200%201200%20675%27%3E%3Crect%20width%3D%271200%27%20height%3D%27675%27%20fill-opacity%3D%220%22%2F%3E%3C%2Fsvg%3E\" data-orig-src=\"https:\/\/www.youtube.com\/embed\/iJOcRBga_zQ?feature=oembed\" frameborder=\"0\" allow=\"accelerometer; autoplay; clipboard-write; encrypted-media; gyroscope; picture-in-picture; web-share\" referrerpolicy=\"strict-origin-when-cross-origin\" allowfullscreen><\/iframe><\/div>\n<p>Amb la seva tecnologia innovadora, la s\u00e8rie Bosch Climate 3000i SET 70 WE permet un control prec\u00eds de la temperatura i la humitat, la qual cosa garanteix un ambient c\u00f2mode en qualsevol moment del dia. A m\u00e9s, \u00e9s altament eficient en termes de consum d&#8217;energia, la qual cosa la converteix en una opci\u00f3 respectuosa amb el medi ambient i en una soluci\u00f3 econ\u00f2mica per a l&#8217;usuari.<\/p>\n<p>Les principals caracter\u00edstiques d&#8217;aquesta s\u00e8rie s\u00f3n:<\/p>\n<h3 class=\"collapse-text-fieldset collapsible form-wrapper collapse-processed\" style=\"text-align: justify;\"><span class=\"fieldset-legend\">Efici\u00e8ncia energ\u00e8tica<\/span><\/h3>\n<p>Els equips de la s\u00e8rie Bosch Climate 3000i SET 70 WE tenen una alta efici\u00e8ncia energ\u00e8tica, la qual cosa significa que consumeixen menys energia i, per tant, redueixen l&#8217;impacte ambiental i el cost de la factura d&#8217;energia.<\/p>\n<h3 class=\"collapse-text-fieldset collapsible form-wrapper collapse-processed\" style=\"text-align: justify;\"><span class=\"fieldset-legend\">Tecnologia innovadora<\/span><\/h3>\n<div class=\"fieldset-wrapper\">\n<p class=\"collapse-text-text\">Aquesta s\u00e8rie compta amb tecnologia innovadora que permet un control prec\u00eds de la temperatura i la humitat, aix\u00f2 es tradueix en un major confort per als usuaris.<\/p>\n<\/div>\n<h3 class=\"collapse-text-fieldset collapsible form-wrapper collapse-processed\" style=\"text-align: justify;\"><span class=\"fieldset-legend\">F\u00e0cil instal\u00b7laci\u00f3<\/span><\/h3>\n<div class=\"fieldset-wrapper\">\n<div class=\"collapse-text-text\">\n<p>\u00c9s f\u00e0cil d&#8217;instal\u00b7lar i requereix de poc manteniment, \u00e9s a dir, estalvia temps i diners als usuaris.<\/p>\n<\/div>\n<\/div>\n<h3 class=\"collapse-text-fieldset collapsible form-wrapper collapse-processed\" style=\"text-align: justify;\">Funcionament silenci\u00f3s<\/h3>\n<div class=\"fieldset-wrapper\">\n<div class=\"collapse-text-text\">\n<p>La s\u00e8rie Bosch Climate 3000i est\u00e0 dissenyada per a funcionar amb un baix nivell de soroll, la qual cosa significa que els usuaris poden gaudir d&#8217;un ambient tranquil i confortable.<\/p>\n<h3 class=\"collapse-text-fieldset collapsible form-wrapper collapse-processed\" style=\"text-align: justify;\"><span class=\"fieldset-legend\">Control remot<\/span><\/h3>\n<div class=\"fieldset-wrapper\">\n<div class=\"collapse-text-text\">\n<p>La s\u00e8rie Bosch Climate 3000i compta amb un control remot que permet als usuaris ajustar la temperatura i l&#8217;humitat des de qualsevol lloc, cosa que augmenta la comoditat i la conveni\u00e8ncia.<\/p>\n<\/div>\n<\/div>\n<\/div>\n<\/div>\n<div class=\"collapse-text-text\" style=\"text-align: justify;\">En resumen, esta serie ofrece una combinaci\u00f3n de eficiencia energ\u00e9tica, tecnolog\u00eda innovadora, flexibilidad, f\u00e1cil instalaci\u00f3n, funcionamiento silencioso y control remoto que la convierte en una excelente opci\u00f3n para los usuarios que buscan una soluci\u00f3n de climatizaci\u00f3n de alta calidad y confiable.<\/div>\n<div class=\"fieldset-wrapper\">\n<div class=\"w-full border-b border-black\/10 dark:border-gray-900\/50 text-gray-800 dark:text-gray-100 group bg-gray-50 dark:bg-[#444654]\">\n<div class=\"text-base gap-4 md:gap-6 m-auto md:max-w-2xl lg:max-w-2xl xl:max-w-3xl p-4 md:py-6 flex lg:px-0\">\n<div class=\"relative flex w-[calc(100%-50px)] flex-col gap-1 md:gap-3 lg:w-[calc(100%-115px)]\">\n<div class=\"flex flex-grow flex-col gap-3\">\n<div class=\"min-h-[20px] flex flex-col items-start gap-4 whitespace-pre-wrap\">\n<div class=\"markdown prose w-full break-words dark:prose-invert light\">\n<p>En resum, aquesta s\u00e8rie ofereix una combinaci\u00f3 d&#8217;efici\u00e8ncia energ\u00e8tica, tecnologia innovadora, flexibilitat, f\u00e0cil instal\u00b7laci\u00f3, funcionament silenci\u00f3s i control remot que la converteix en una excel\u00b7lent opci\u00f3 per als usuaris que busquen una soluci\u00f3 de climatitzaci\u00f3 d&#8217;alta qualitat i fiable. A continuaci\u00f3 adjuntem la taula de caracter\u00edstiques de la Bosch Climate 3000i:<\/p>\n<\/div>\n<\/div>\n<\/div>\n<div class=\"flex justify-between\">\n<div class=\"text-gray-400 flex self-end lg:self-center justify-center mt-2 gap-3 md:gap-4 lg:gap-1 lg:absolute lg:top-0 lg:translate-x-full lg:right-0 lg:mt-0 lg:pl-2 visible\"><\/div>\n<\/div>\n<\/div>\n<\/div>\n<\/div>\n<p><a href=\"https:\/\/www.jagalcaide.com\/wp-content\/uploads\/2023\/05\/BOSCH-CLIMATE-3000i-SET-70-WE.jpg\"><img decoding=\"async\" class=\"lazyload aligncenter wp-image-7391 size-full\" title=\"BOSCH CLIMATE 3000i\" src=\"data:image\/svg+xml,%3Csvg%20xmlns%3D%27http%3A%2F%2Fwww.w3.org%2F2000%2Fsvg%27%20width%3D%27898%27%20height%3D%27477%27%20viewBox%3D%270%200%20898%20477%27%3E%3Crect%20width%3D%27898%27%20height%3D%27477%27%20fill-opacity%3D%220%22%2F%3E%3C%2Fsvg%3E\" data-orig-src=\"https:\/\/www.jagalcaide.com\/wp-content\/uploads\/2023\/05\/BOSCH-CLIMATE-3000i-SET-70-WE.jpg\" alt=\"BOSCH CLIMATE 3000i SET 70 WE\" width=\"898\" height=\"477\" \/><\/a><\/p>\n<\/div>\n<\/form>\n<\/div>\n","protected":false},"excerpt":{"rendered":"<p>CLIMATE 3000i SET 70 WE Preu: 1950\u20ac IVA incl\u00f2s i instal\u00b7laci\u00f3 fins a 3m. La gamma Climate 3000i SET 70 WE s&#8217;integra a la perfecci\u00f3 a casa teva. L&#8217;aire condicionat Bosch Climate 3000i SET 70 [&hellip;]<\/p>\n","protected":false},"featured_media":2150,"comment_status":"open","ping_status":"closed","template":"","meta":{"_acf_changed":false,"_yoast_wpseo_focuskw":"BOSCH CLIMATE 3000i SET 70 WE","_yoast_wpseo_title":"Bosch Climate 3000i SET 70 WE per nom\u00e9s 1950\u20ac!","_yoast_wpseo_metadesc":"Aire condicionat Bosch Climate 3000i SET 70 WE instal\u00b7lat i amb IVA incl\u00f2s per nom\u00e9s 1950\u20ac. M\u00e9s de 70 anys com a instal\u00b7ladors, truca'ns!"},"product_brand":[],"product_cat":[402,394,396,398,511,525],"product_tag":[],"class_list":{"0":"post-2395","1":"product","2":"type-product","3":"status-publish","4":"has-post-thumbnail","6":"product_cat-aa-bosch-climate-3000i-set-70-we-ca","7":"product_cat-aire-condicionat","8":"product_cat-aire-condicionat-bosch","9":"product_cat-bosch-serie-3000i","10":"product_cat-e-commerce-ca","11":"product_cat-totes","13":"first","14":"instock","15":"taxable","16":"shipping-taxable","17":"purchasable","18":"product-type-simple"},"acf":[],"yoast_head":"<!-- This site is optimized with the Yoast SEO plugin v27.3 - https:\/\/yoast.com\/product\/yoast-seo-wordpress\/ -->\n<title>Bosch Climate 3000i SET 70 WE per nom\u00e9s 1950\u20ac!<\/title>\n<meta name=\"description\" content=\"Aire condicionat Bosch Climate 3000i SET 70 WE instal\u00b7lat i amb IVA incl\u00f2s per nom\u00e9s 1950\u20ac. M\u00e9s de 70 anys com a instal\u00b7ladors, truca&#039;ns!\" \/>\n<meta name=\"robots\" content=\"index, follow, max-snippet:-1, max-image-preview:large, max-video-preview:-1\" \/>\n<link rel=\"canonical\" href=\"https:\/\/www.jagalcaide.com\/ca\/producte\/aire-condicionat-bosch-climate-3000i-set-70-we\/\" \/>\n<meta property=\"og:locale\" content=\"ca_ES\" \/>\n<meta property=\"og:type\" content=\"article\" \/>\n<meta property=\"og:title\" content=\"Bosch Climate 3000i SET 70 WE per nom\u00e9s 1950\u20ac!\" \/>\n<meta property=\"og:description\" content=\"Aire condicionat Bosch Climate 3000i SET 70 WE instal\u00b7lat i amb IVA incl\u00f2s per nom\u00e9s 1950\u20ac. M\u00e9s de 70 anys com a instal\u00b7ladors, truca&#039;ns!\" \/>\n<meta property=\"og:url\" content=\"https:\/\/www.jagalcaide.com\/ca\/producte\/aire-condicionat-bosch-climate-3000i-set-70-we\/\" \/>\n<meta property=\"og:site_name\" content=\"JAG ALCAIDE \u2013 Instalaci\u00f3n, reparaci\u00f3n y mantenimiento en Barcelona\" \/>\n<meta property=\"article:modified_time\" content=\"2025-05-10T10:53:26+00:00\" \/>\n<meta property=\"og:image\" content=\"https:\/\/www.jagalcaide.com\/wp-content\/uploads\/2023\/03\/BOSCH-SERIE-CLIMATE-3000i-4.jpg\" \/>\n\t<meta property=\"og:image:width\" content=\"649\" \/>\n\t<meta property=\"og:image:height\" content=\"642\" \/>\n\t<meta property=\"og:image:type\" content=\"image\/jpeg\" \/>\n<meta name=\"twitter:card\" content=\"summary_large_image\" \/>\n<meta name=\"twitter:site\" content=\"@JAGAlcaideSL\" \/>\n<meta name=\"twitter:label1\" content=\"Temps estimat de lectura\" \/>\n\t<meta name=\"twitter:data1\" content=\"3 minuts\" \/>\n<script type=\"application\/ld+json\" class=\"yoast-schema-graph\">{\"@context\":\"https:\\\/\\\/schema.org\",\"@graph\":[{\"@type\":\"WebPage\",\"@id\":\"https:\\\/\\\/www.jagalcaide.com\\\/ca\\\/producte\\\/aire-condicionat-bosch-climate-3000i-set-70-we\\\/\",\"url\":\"https:\\\/\\\/www.jagalcaide.com\\\/ca\\\/producte\\\/aire-condicionat-bosch-climate-3000i-set-70-we\\\/\",\"name\":\"Bosch Climate 3000i SET 70 WE per nom\u00e9s 1950\u20ac!\",\"isPartOf\":{\"@id\":\"https:\\\/\\\/www.jagalcaide.com\\\/ca\\\/#website\"},\"primaryImageOfPage\":{\"@id\":\"https:\\\/\\\/www.jagalcaide.com\\\/ca\\\/producte\\\/aire-condicionat-bosch-climate-3000i-set-70-we\\\/#primaryimage\"},\"image\":{\"@id\":\"https:\\\/\\\/www.jagalcaide.com\\\/ca\\\/producte\\\/aire-condicionat-bosch-climate-3000i-set-70-we\\\/#primaryimage\"},\"thumbnailUrl\":\"https:\\\/\\\/www.jagalcaide.com\\\/wp-content\\\/uploads\\\/2023\\\/03\\\/BOSCH-SERIE-CLIMATE-3000i-4.jpg\",\"datePublished\":\"2023-03-05T22:01:43+00:00\",\"dateModified\":\"2025-05-10T10:53:26+00:00\",\"description\":\"Aire condicionat Bosch Climate 3000i SET 70 WE instal\u00b7lat i amb IVA incl\u00f2s per nom\u00e9s 1950\u20ac. M\u00e9s de 70 anys com a instal\u00b7ladors, truca'ns!\",\"breadcrumb\":{\"@id\":\"https:\\\/\\\/www.jagalcaide.com\\\/ca\\\/producte\\\/aire-condicionat-bosch-climate-3000i-set-70-we\\\/#breadcrumb\"},\"inLanguage\":\"ca\",\"potentialAction\":[{\"@type\":\"ReadAction\",\"target\":[\"https:\\\/\\\/www.jagalcaide.com\\\/ca\\\/producte\\\/aire-condicionat-bosch-climate-3000i-set-70-we\\\/\"]}]},{\"@type\":\"ImageObject\",\"inLanguage\":\"ca\",\"@id\":\"https:\\\/\\\/www.jagalcaide.com\\\/ca\\\/producte\\\/aire-condicionat-bosch-climate-3000i-set-70-we\\\/#primaryimage\",\"url\":\"https:\\\/\\\/www.jagalcaide.com\\\/wp-content\\\/uploads\\\/2023\\\/03\\\/BOSCH-SERIE-CLIMATE-3000i-4.jpg\",\"contentUrl\":\"https:\\\/\\\/www.jagalcaide.com\\\/wp-content\\\/uploads\\\/2023\\\/03\\\/BOSCH-SERIE-CLIMATE-3000i-4.jpg\",\"width\":649,\"height\":642,\"caption\":\"BOSCH SERIE-CLIMATE-3000i\"},{\"@type\":\"BreadcrumbList\",\"@id\":\"https:\\\/\\\/www.jagalcaide.com\\\/ca\\\/producte\\\/aire-condicionat-bosch-climate-3000i-set-70-we\\\/#breadcrumb\",\"itemListElement\":[{\"@type\":\"ListItem\",\"position\":1,\"name\":\"Portada\",\"item\":\"https:\\\/\\\/www.jagalcaide.com\\\/ca\\\/\"},{\"@type\":\"ListItem\",\"position\":2,\"name\":\"Woocommerce shop\",\"item\":\"https:\\\/\\\/www.jagalcaide.com\\\/woocommerce-shop\\\/\"},{\"@type\":\"ListItem\",\"position\":3,\"name\":\"Aire condicionat Bosch Climate 3000I SET 70 WE\"}]},{\"@type\":\"WebSite\",\"@id\":\"https:\\\/\\\/www.jagalcaide.com\\\/ca\\\/#website\",\"url\":\"https:\\\/\\\/www.jagalcaide.com\\\/ca\\\/\",\"name\":\"JAG Alcaide - Instalaci\u00f3n y reparaci\u00f3n de Aire Acondicionado y Calderas\",\"description\":\"Otro sitio realizado con WordPress\",\"publisher\":{\"@id\":\"https:\\\/\\\/www.jagalcaide.com\\\/ca\\\/#organization\"},\"potentialAction\":[{\"@type\":\"SearchAction\",\"target\":{\"@type\":\"EntryPoint\",\"urlTemplate\":\"https:\\\/\\\/www.jagalcaide.com\\\/ca\\\/?s={search_term_string}\"},\"query-input\":{\"@type\":\"PropertyValueSpecification\",\"valueRequired\":true,\"valueName\":\"search_term_string\"}}],\"inLanguage\":\"ca\"},{\"@type\":\"Organization\",\"@id\":\"https:\\\/\\\/www.jagalcaide.com\\\/ca\\\/#organization\",\"name\":\"JAG Alcaide\",\"url\":\"https:\\\/\\\/www.jagalcaide.com\\\/ca\\\/\",\"logo\":{\"@type\":\"ImageObject\",\"inLanguage\":\"ca\",\"@id\":\"https:\\\/\\\/www.jagalcaide.com\\\/ca\\\/#\\\/schema\\\/logo\\\/image\\\/\",\"url\":\"https:\\\/\\\/www.jagalcaide.com\\\/wp-content\\\/uploads\\\/2023\\\/05\\\/logo-alcaide-gran.jpg\",\"contentUrl\":\"https:\\\/\\\/www.jagalcaide.com\\\/wp-content\\\/uploads\\\/2023\\\/05\\\/logo-alcaide-gran.jpg\",\"width\":696,\"height\":696,\"caption\":\"JAG Alcaide\"},\"image\":{\"@id\":\"https:\\\/\\\/www.jagalcaide.com\\\/ca\\\/#\\\/schema\\\/logo\\\/image\\\/\"},\"sameAs\":[\"https:\\\/\\\/x.com\\\/JAGAlcaideSL\",\"https:\\\/\\\/www.instagram.com\\\/jagalcaide\\\/\",\"https:\\\/\\\/www.linkedin.com\\\/company\\\/j-a-g-alcaide-s-l-\"]}]}<\/script>\n<!-- \/ Yoast SEO plugin. -->","yoast_head_json":{"title":"Bosch Climate 3000i SET 70 WE per nom\u00e9s 1950\u20ac!","description":"Aire condicionat Bosch Climate 3000i SET 70 WE instal\u00b7lat i amb IVA incl\u00f2s per nom\u00e9s 1950\u20ac. M\u00e9s de 70 anys com a instal\u00b7ladors, truca'ns!","robots":{"index":"index","follow":"follow","max-snippet":"max-snippet:-1","max-image-preview":"max-image-preview:large","max-video-preview":"max-video-preview:-1"},"canonical":"https:\/\/www.jagalcaide.com\/ca\/producte\/aire-condicionat-bosch-climate-3000i-set-70-we\/","og_locale":"ca_ES","og_type":"article","og_title":"Bosch Climate 3000i SET 70 WE per nom\u00e9s 1950\u20ac!","og_description":"Aire condicionat Bosch Climate 3000i SET 70 WE instal\u00b7lat i amb IVA incl\u00f2s per nom\u00e9s 1950\u20ac. M\u00e9s de 70 anys com a instal\u00b7ladors, truca'ns!","og_url":"https:\/\/www.jagalcaide.com\/ca\/producte\/aire-condicionat-bosch-climate-3000i-set-70-we\/","og_site_name":"JAG ALCAIDE \u2013 Instalaci\u00f3n, reparaci\u00f3n y mantenimiento en Barcelona","article_modified_time":"2025-05-10T10:53:26+00:00","og_image":[{"width":649,"height":642,"url":"https:\/\/www.jagalcaide.com\/wp-content\/uploads\/2023\/03\/BOSCH-SERIE-CLIMATE-3000i-4.jpg","type":"image\/jpeg"}],"twitter_card":"summary_large_image","twitter_site":"@JAGAlcaideSL","twitter_misc":{"Temps estimat de lectura":"3 minuts"},"schema":{"@context":"https:\/\/schema.org","@graph":[{"@type":"WebPage","@id":"https:\/\/www.jagalcaide.com\/ca\/producte\/aire-condicionat-bosch-climate-3000i-set-70-we\/","url":"https:\/\/www.jagalcaide.com\/ca\/producte\/aire-condicionat-bosch-climate-3000i-set-70-we\/","name":"Bosch Climate 3000i SET 70 WE per nom\u00e9s 1950\u20ac!","isPartOf":{"@id":"https:\/\/www.jagalcaide.com\/ca\/#website"},"primaryImageOfPage":{"@id":"https:\/\/www.jagalcaide.com\/ca\/producte\/aire-condicionat-bosch-climate-3000i-set-70-we\/#primaryimage"},"image":{"@id":"https:\/\/www.jagalcaide.com\/ca\/producte\/aire-condicionat-bosch-climate-3000i-set-70-we\/#primaryimage"},"thumbnailUrl":"https:\/\/www.jagalcaide.com\/wp-content\/uploads\/2023\/03\/BOSCH-SERIE-CLIMATE-3000i-4.jpg","datePublished":"2023-03-05T22:01:43+00:00","dateModified":"2025-05-10T10:53:26+00:00","description":"Aire condicionat Bosch Climate 3000i SET 70 WE instal\u00b7lat i amb IVA incl\u00f2s per nom\u00e9s 1950\u20ac. M\u00e9s de 70 anys com a instal\u00b7ladors, truca'ns!","breadcrumb":{"@id":"https:\/\/www.jagalcaide.com\/ca\/producte\/aire-condicionat-bosch-climate-3000i-set-70-we\/#breadcrumb"},"inLanguage":"ca","potentialAction":[{"@type":"ReadAction","target":["https:\/\/www.jagalcaide.com\/ca\/producte\/aire-condicionat-bosch-climate-3000i-set-70-we\/"]}]},{"@type":"ImageObject","inLanguage":"ca","@id":"https:\/\/www.jagalcaide.com\/ca\/producte\/aire-condicionat-bosch-climate-3000i-set-70-we\/#primaryimage","url":"https:\/\/www.jagalcaide.com\/wp-content\/uploads\/2023\/03\/BOSCH-SERIE-CLIMATE-3000i-4.jpg","contentUrl":"https:\/\/www.jagalcaide.com\/wp-content\/uploads\/2023\/03\/BOSCH-SERIE-CLIMATE-3000i-4.jpg","width":649,"height":642,"caption":"BOSCH SERIE-CLIMATE-3000i"},{"@type":"BreadcrumbList","@id":"https:\/\/www.jagalcaide.com\/ca\/producte\/aire-condicionat-bosch-climate-3000i-set-70-we\/#breadcrumb","itemListElement":[{"@type":"ListItem","position":1,"name":"Portada","item":"https:\/\/www.jagalcaide.com\/ca\/"},{"@type":"ListItem","position":2,"name":"Woocommerce shop","item":"https:\/\/www.jagalcaide.com\/woocommerce-shop\/"},{"@type":"ListItem","position":3,"name":"Aire condicionat Bosch Climate 3000I SET 70 WE"}]},{"@type":"WebSite","@id":"https:\/\/www.jagalcaide.com\/ca\/#website","url":"https:\/\/www.jagalcaide.com\/ca\/","name":"JAG Alcaide - Instalaci\u00f3n y reparaci\u00f3n de Aire Acondicionado y Calderas","description":"Otro sitio realizado con WordPress","publisher":{"@id":"https:\/\/www.jagalcaide.com\/ca\/#organization"},"potentialAction":[{"@type":"SearchAction","target":{"@type":"EntryPoint","urlTemplate":"https:\/\/www.jagalcaide.com\/ca\/?s={search_term_string}"},"query-input":{"@type":"PropertyValueSpecification","valueRequired":true,"valueName":"search_term_string"}}],"inLanguage":"ca"},{"@type":"Organization","@id":"https:\/\/www.jagalcaide.com\/ca\/#organization","name":"JAG Alcaide","url":"https:\/\/www.jagalcaide.com\/ca\/","logo":{"@type":"ImageObject","inLanguage":"ca","@id":"https:\/\/www.jagalcaide.com\/ca\/#\/schema\/logo\/image\/","url":"https:\/\/www.jagalcaide.com\/wp-content\/uploads\/2023\/05\/logo-alcaide-gran.jpg","contentUrl":"https:\/\/www.jagalcaide.com\/wp-content\/uploads\/2023\/05\/logo-alcaide-gran.jpg","width":696,"height":696,"caption":"JAG Alcaide"},"image":{"@id":"https:\/\/www.jagalcaide.com\/ca\/#\/schema\/logo\/image\/"},"sameAs":["https:\/\/x.com\/JAGAlcaideSL","https:\/\/www.instagram.com\/jagalcaide\/","https:\/\/www.linkedin.com\/company\/j-a-g-alcaide-s-l-"]}]}},"wpml_current_locale":"ca","wpml_translations":{"en_US":{"locale":"en_US","id":2381,"slug":"air-conditioner-bosch-climate-3000i-set-70-we","post_title":"Air conditioner Bosch Climate 3000i SET 70 WE","href":"https:\/\/www.jagalcaide.com\/en\/producto\/air-conditioner-bosch-climate-3000i-set-70-we\/"},"es_ES":{"locale":"es_ES","id":1566,"slug":"aire-acondicionado-bosch-climate-3000i-set-70-we","post_title":"Aire Acondicionado Bosch Climate 3000i SET 70 WE","href":"https:\/\/www.jagalcaide.com\/producto\/aire-acondicionado-bosch-climate-3000i-set-70-we\/"}},"_links":{"self":[{"href":"https:\/\/www.jagalcaide.com\/ca\/wp-json\/wp\/v2\/product\/2395","targetHints":{"allow":["GET"]}}],"collection":[{"href":"https:\/\/www.jagalcaide.com\/ca\/wp-json\/wp\/v2\/product"}],"about":[{"href":"https:\/\/www.jagalcaide.com\/ca\/wp-json\/wp\/v2\/types\/product"}],"replies":[{"embeddable":true,"href":"https:\/\/www.jagalcaide.com\/ca\/wp-json\/wp\/v2\/comments?post=2395"}],"wp:featuredmedia":[{"embeddable":true,"href":"https:\/\/www.jagalcaide.com\/ca\/wp-json\/wp\/v2\/media\/2150"}],"wp:attachment":[{"href":"https:\/\/www.jagalcaide.com\/ca\/wp-json\/wp\/v2\/media?parent=2395"}],"wp:term":[{"taxonomy":"product_brand","embeddable":true,"href":"https:\/\/www.jagalcaide.com\/ca\/wp-json\/wp\/v2\/product_brand?post=2395"},{"taxonomy":"product_cat","embeddable":true,"href":"https:\/\/www.jagalcaide.com\/ca\/wp-json\/wp\/v2\/product_cat?post=2395"},{"taxonomy":"product_tag","embeddable":true,"href":"https:\/\/www.jagalcaide.com\/ca\/wp-json\/wp\/v2\/product_tag?post=2395"}],"curies":[{"name":"wp","href":"https:\/\/api.w.org\/{rel}","templated":true}]}}