{"id":3170,"date":"2023-06-29T13:46:17","date_gmt":"2023-06-29T13:46:17","guid":{"rendered":"https:\/\/www.jagalcaide.com\/?post_type=product&#038;p=3170"},"modified":"2026-03-07T16:03:31","modified_gmt":"2026-03-07T16:03:31","slug":"aire-condicionat-daikin-txf42f","status":"publish","type":"product","link":"https:\/\/www.jagalcaide.com\/ca\/producte\/aire-condicionat-daikin-txf42f\/","title":{"rendered":"Aire Condicionat Daikin TXF42F"},"content":{"rendered":"<p><strong>DAIKIN S\u00c8RIE SENSIRA TXF42F<\/strong><\/p>\n<p><strong><em>\u201cUnitat de paret amb doble filtre purificador d\u2019aire. Compta amb el mode econ\u00f2mic per a un menor consum energ\u00e8tic i major rendibilitat\u201d<\/em><\/strong><\/p>\n<p><strong>Preu: 1720\u20ac IVA incl\u00f2s i instal\u00b7laci\u00f3 fins a 3m.<\/strong><\/p>\n<p><strong>Potencia: 4,2kW en fred i 4,6kW en calor<\/strong><\/p>\n<p>Amb les noves unitats de la s\u00e8rie Sensira TXF42F\u00a0 podr\u00e0s crear un clima interior perfecte i confortable, redu\u00eft alhora l\u2019\u00fas d\u2019energia.<\/p>\n<p><strong>Caracter\u00edstiques principals s\u00e8rie Sensira TXF42F:<\/strong><\/p>\n<p><span style=\"color: #00ccff;\">Refrigerant <strong>R-32<\/strong><\/span><\/p>\n<p>El refrigerant R-32 proporciona un major confort i major estalvi d\u2019energia. Escollir un producte R-32 redueix l\u2019impacte ambiental gr\u00e0cies a la seva alta efici\u00e8ncia energ\u00e8tica.<\/p>\n<p>Les unitats de paret Daikin Sensira destaquen pel seu discret disseny de l\u00ednies corbes i el seu sistema de purificaci\u00f3 de l\u2019aire interior gr\u00e0cies al seu doble sistema de filtratge.<\/p>\n<p><span style=\"color: #00ccff;\">Efici\u00e8ncia energ\u00e8tica<\/span><\/p>\n<p>Aquestes unitats estan provistes de l\u2019etiqueta d\u2019efici\u00e8ncia estacional fins a <strong>A+++<\/strong>.<\/p>\n<p><span style=\"color: #00ccff;\">Tecnologia Inverter<\/span><\/p>\n<p>Gr\u00e0cies a la tecnologia inverter de Daikin, el consum d\u2019energia es redueix en un 30% en comparaci\u00f3n amb els sistemes tradicionals On\/Off.<\/p>\n<p><img decoding=\"async\" class=\"lazyload wp-image-3153 \" src=\"https:\/\/www.jagalcaide.com\/wp-content\/uploads\/2023\/06\/DAIKIN-TXF-TXC.jpg\" data-orig-src=\"https:\/\/www.jagalcaide.com\/wp-content\/uploads\/2023\/06\/DAIKIN-TXF-TXC.jpg\" alt=\"DAIKIN TXF \" width=\"660\" height=\"153\" srcset=\"data:image\/svg+xml,%3Csvg%20xmlns%3D%27http%3A%2F%2Fwww.w3.org%2F2000%2Fsvg%27%20width%3D%27660%27%20height%3D%27153%27%20viewBox%3D%270%200%20660%20153%27%3E%3Crect%20width%3D%27660%27%20height%3D%27153%27%20fill-opacity%3D%220%22%2F%3E%3C%2Fsvg%3E\" data-srcset=\"https:\/\/www.jagalcaide.com\/wp-content\/uploads\/2023\/06\/DAIKIN-TXF-TXC-200x46.jpg 200w, https:\/\/www.jagalcaide.com\/wp-content\/uploads\/2023\/06\/DAIKIN-TXF-TXC-300x70.jpg 300w, https:\/\/www.jagalcaide.com\/wp-content\/uploads\/2023\/06\/DAIKIN-TXF-TXC-400x93.jpg 400w, https:\/\/www.jagalcaide.com\/wp-content\/uploads\/2023\/06\/DAIKIN-TXF-TXC-500x116.jpg 500w, https:\/\/www.jagalcaide.com\/wp-content\/uploads\/2023\/06\/DAIKIN-TXF-TXC.jpg 565w\" data-sizes=\"auto\" data-orig-sizes=\"(max-width: 660px) 100vw, 660px\" \/><\/p>\n<p>&nbsp;<\/p>\n<p><span style=\"color: #00ccff;\">Funcionamient silenci\u00f3s de la unitat interior<\/span><\/p>\n<p>Aquesta unitat ofereix un funcionament molt silenci\u00f3s de la unitat interior. Opci\u00f3 molt \u00fatil per a estudiar o dormir.<\/p>\n<p><span style=\"color: #00ccff;\">Filtre purificador apatito de titani (models FTXF-F)<\/span><\/p>\n<p>Les unitats FTXF-F compten amb un filtre purificador d\u2019aire d\u2019apatito de titani que absorbeix les part\u00edcules microsc\u00f2piques de pols i incl\u00fas elimina les bact\u00e8ries i els virus.<\/p>\n<p><span style=\"color: #00ccff;\">Mode son confortable<\/span><\/p>\n<p>La llum de la unitat baixa d\u2019intensitat per a un descans confortable.<\/p>\n<p><span style=\"color: #00ccff;\">Mode Powerful<\/span><\/p>\n<p>Possibilitat de seleccionar el mode Powerful per a refrigeraci\u00f3 o calefacci\u00f3 r\u00e0pida.<\/p>\n<p><span style=\"color: #00ccff;\">Mode econo<\/span><\/p>\n<p>Disminueix la corrent i la freq\u00fc\u00e8ncia de funcionament, reduint considerablement el consum energ\u00e8tic.<\/p>\n<p><span style=\"color: #00ccff;\">Mode confort (TXF42-F)<\/span><\/p>\n<p>Garanteix una distribuci\u00f3 uniforme de l\u2019aire per tota l\u2019estan\u00e7a, evitant les corrents directes d\u2019aire.<\/p>\n<p><img decoding=\"async\" class=\"lazyload alignnone wp-image-3156 \" src=\"https:\/\/www.jagalcaide.com\/wp-content\/uploads\/2023\/06\/DAIKIN-TXC.jpg\" data-orig-src=\"https:\/\/www.jagalcaide.com\/wp-content\/uploads\/2023\/06\/DAIKIN-TXC.jpg\" alt=\"DAIKIN TXC\" width=\"692\" height=\"384\" srcset=\"data:image\/svg+xml,%3Csvg%20xmlns%3D%27http%3A%2F%2Fwww.w3.org%2F2000%2Fsvg%27%20width%3D%27692%27%20height%3D%27384%27%20viewBox%3D%270%200%20692%20384%27%3E%3Crect%20width%3D%27692%27%20height%3D%27384%27%20fill-opacity%3D%220%22%2F%3E%3C%2Fsvg%3E\" data-srcset=\"https:\/\/www.jagalcaide.com\/wp-content\/uploads\/2023\/06\/DAIKIN-TXC-200x111.jpg 200w, https:\/\/www.jagalcaide.com\/wp-content\/uploads\/2023\/06\/DAIKIN-TXC-300x166.jpg 300w, https:\/\/www.jagalcaide.com\/wp-content\/uploads\/2023\/06\/DAIKIN-TXC-400x222.jpg 400w, https:\/\/www.jagalcaide.com\/wp-content\/uploads\/2023\/06\/DAIKIN-TXC-500x277.jpg 500w, https:\/\/www.jagalcaide.com\/wp-content\/uploads\/2023\/06\/DAIKIN-TXC.jpg 566w\" data-sizes=\"auto\" data-orig-sizes=\"(max-width: 692px) 100vw, 692px\" \/><\/p>\n<p><span style=\"color: #00ccff;\">Control Wifi (opcional)<\/span><\/p>\n<p>Permet ajustar i incl\u00fas programar la temperatura des de qualsevol lloc, mitjan\u00e7ant sistemes iOS o Android a trav\u00e9s de la App Onecta, pel que \u00e9s possible gestionar la unitat incl\u00fas des de fora de casa. Aix\u00f2 garanteix una \u00f2ptima temperatura en cada moment i un considerable estalvi d\u2019energia.<\/p>\n<p>Compatible amb Amazon, Alexa i Google Assistant per al control de veu dels equips.<\/p>\n<p>Aquestes son les caracter\u00edstiques t\u00e8cniques de la Daikin Sensira TXF42-F:<\/p>\n<p><img decoding=\"async\" class=\"lazyload alignnone wp-image-3150 \" src=\"https:\/\/www.jagalcaide.com\/wp-content\/uploads\/2023\/06\/DAIKIN-FICHA-TECNICA-TXF.jpg\" data-orig-src=\"https:\/\/www.jagalcaide.com\/wp-content\/uploads\/2023\/06\/DAIKIN-FICHA-TECNICA-TXF.jpg\" alt=\"DAIKIN TXF25C\" width=\"717\" height=\"520\" srcset=\"data:image\/svg+xml,%3Csvg%20xmlns%3D%27http%3A%2F%2Fwww.w3.org%2F2000%2Fsvg%27%20width%3D%27717%27%20height%3D%27520%27%20viewBox%3D%270%200%20717%20520%27%3E%3Crect%20width%3D%27717%27%20height%3D%27520%27%20fill-opacity%3D%220%22%2F%3E%3C%2Fsvg%3E\" data-srcset=\"https:\/\/www.jagalcaide.com\/wp-content\/uploads\/2023\/06\/DAIKIN-FICHA-TECNICA-TXF-200x145.jpg 200w, https:\/\/www.jagalcaide.com\/wp-content\/uploads\/2023\/06\/DAIKIN-FICHA-TECNICA-TXF-300x217.jpg 300w, https:\/\/www.jagalcaide.com\/wp-content\/uploads\/2023\/06\/DAIKIN-FICHA-TECNICA-TXF-400x290.jpg 400w, https:\/\/www.jagalcaide.com\/wp-content\/uploads\/2023\/06\/DAIKIN-FICHA-TECNICA-TXF-500x362.jpg 500w, https:\/\/www.jagalcaide.com\/wp-content\/uploads\/2023\/06\/DAIKIN-FICHA-TECNICA-TXF.jpg 567w\" data-sizes=\"auto\" data-orig-sizes=\"(max-width: 717px) 100vw, 717px\" \/><\/p>\n<div class=\"product-full__body\">\n<form id=\"collapse-text-dynamic-form-number-1\" accept-charset=\"UTF-8\" action=\"http:\/\/www.mitsubishielectric.es\/aire-acondicionado\/productos\/serie-msz-sfgf\" method=\"post\">\n<div class=\"fieldset-wrapper\"><\/div>\n<\/form>\n<\/div>\n<h1 class=\"product-full__title\"><\/h1>\n","protected":false},"excerpt":{"rendered":"<p>DAIKIN S\u00c8RIE SENSIRA TXF42F \u201cUnitat de paret amb doble filtre purificador d\u2019aire. Compta amb el mode econ\u00f2mic per a un menor consum energ\u00e8tic i major rendibilitat\u201d Preu: 1720\u20ac IVA incl\u00f2s i instal\u00b7laci\u00f3 fins a 3m. [&hellip;]<\/p>\n","protected":false},"featured_media":3141,"comment_status":"open","ping_status":"closed","template":"","meta":{"_acf_changed":false,"_yoast_wpseo_focuskw":"DAIKIN SENSIRA TXF42F","_yoast_wpseo_title":"Aire condicionat DAIKIN SENSIRA TXF42F per nom\u00e9s 1720\u20ac!","_yoast_wpseo_metadesc":"Aire condicionat Daikin Sensira TXF42F instal\u00b7lat i amb IVA incl\u00f2s per nom\u00e9s 1720\u20ac M\u00e9s de 73 anys com a instal\u00b7ladors truca'ns!"},"product_brand":[],"product_cat":[394,780,781,525],"product_tag":[810],"class_list":{"0":"post-3170","1":"product","2":"type-product","3":"status-publish","4":"has-post-thumbnail","6":"product_cat-aire-condicionat","7":"product_cat-aire-condicionat-daikin-ca","8":"product_cat-aire-condicionat-daikin-serie-sensira-ca","9":"product_cat-totes","10":"product_tag-daikinsensira","12":"first","13":"instock","14":"taxable","15":"shipping-taxable","16":"purchasable","17":"product-type-simple"},"acf":[],"yoast_head":"<!-- This site is optimized with the Yoast SEO plugin v27.5 - https:\/\/yoast.com\/product\/yoast-seo-wordpress\/ -->\n<title>Aire condicionat DAIKIN SENSIRA TXF42F per nom\u00e9s 1720\u20ac!<\/title>\n<meta name=\"description\" content=\"Aire condicionat Daikin Sensira TXF42F instal\u00b7lat i amb IVA incl\u00f2s per nom\u00e9s 1720\u20ac M\u00e9s de 73 anys com a instal\u00b7ladors truca&#039;ns!\" \/>\n<meta name=\"robots\" content=\"index, follow, max-snippet:-1, max-image-preview:large, max-video-preview:-1\" \/>\n<link rel=\"canonical\" href=\"https:\/\/www.jagalcaide.com\/ca\/producte\/aire-condicionat-daikin-txf42f\/\" \/>\n<meta property=\"og:locale\" content=\"ca_ES\" \/>\n<meta property=\"og:type\" content=\"article\" \/>\n<meta property=\"og:title\" content=\"Aire condicionat DAIKIN SENSIRA TXF42F per nom\u00e9s 1720\u20ac!\" \/>\n<meta property=\"og:description\" content=\"Aire condicionat Daikin Sensira TXF42F instal\u00b7lat i amb IVA incl\u00f2s per nom\u00e9s 1720\u20ac M\u00e9s de 73 anys com a instal\u00b7ladors truca&#039;ns!\" \/>\n<meta property=\"og:url\" content=\"https:\/\/www.jagalcaide.com\/ca\/producte\/aire-condicionat-daikin-txf42f\/\" \/>\n<meta property=\"og:site_name\" content=\"JAG ALCAIDE \u2013 Instalaci\u00f3n, reparaci\u00f3n y mantenimiento en Barcelona\" \/>\n<meta property=\"article:modified_time\" content=\"2026-03-07T16:03:31+00:00\" \/>\n<meta property=\"og:image\" content=\"https:\/\/www.jagalcaide.com\/wp-content\/uploads\/2023\/06\/DAIKIN-TXF25C.jpg\" \/>\n\t<meta property=\"og:image:width\" content=\"493\" \/>\n\t<meta property=\"og:image:height\" content=\"645\" \/>\n\t<meta property=\"og:image:type\" content=\"image\/jpeg\" \/>\n<meta name=\"twitter:card\" content=\"summary_large_image\" \/>\n<meta name=\"twitter:site\" content=\"@JAGAlcaideSL\" \/>\n<meta name=\"twitter:label1\" content=\"Temps estimat de lectura\" \/>\n\t<meta name=\"twitter:data1\" content=\"3 minuts\" \/>\n<script type=\"application\/ld+json\" class=\"yoast-schema-graph\">{\"@context\":\"https:\\\/\\\/schema.org\",\"@graph\":[{\"@type\":\"WebPage\",\"@id\":\"https:\\\/\\\/www.jagalcaide.com\\\/ca\\\/producte\\\/aire-condicionat-daikin-txf42f\\\/\",\"url\":\"https:\\\/\\\/www.jagalcaide.com\\\/ca\\\/producte\\\/aire-condicionat-daikin-txf42f\\\/\",\"name\":\"Aire condicionat DAIKIN SENSIRA TXF42F per nom\u00e9s 1720\u20ac!\",\"isPartOf\":{\"@id\":\"https:\\\/\\\/www.jagalcaide.com\\\/ca\\\/#website\"},\"primaryImageOfPage\":{\"@id\":\"https:\\\/\\\/www.jagalcaide.com\\\/ca\\\/producte\\\/aire-condicionat-daikin-txf42f\\\/#primaryimage\"},\"image\":{\"@id\":\"https:\\\/\\\/www.jagalcaide.com\\\/ca\\\/producte\\\/aire-condicionat-daikin-txf42f\\\/#primaryimage\"},\"thumbnailUrl\":\"https:\\\/\\\/www.jagalcaide.com\\\/wp-content\\\/uploads\\\/2023\\\/06\\\/DAIKIN-TXF25C.jpg\",\"datePublished\":\"2023-06-29T13:46:17+00:00\",\"dateModified\":\"2026-03-07T16:03:31+00:00\",\"description\":\"Aire condicionat Daikin Sensira TXF42F instal\u00b7lat i amb IVA incl\u00f2s per nom\u00e9s 1720\u20ac M\u00e9s de 73 anys com a instal\u00b7ladors truca'ns!\",\"breadcrumb\":{\"@id\":\"https:\\\/\\\/www.jagalcaide.com\\\/ca\\\/producte\\\/aire-condicionat-daikin-txf42f\\\/#breadcrumb\"},\"inLanguage\":\"ca\",\"potentialAction\":[{\"@type\":\"ReadAction\",\"target\":[\"https:\\\/\\\/www.jagalcaide.com\\\/ca\\\/producte\\\/aire-condicionat-daikin-txf42f\\\/\"]}]},{\"@type\":\"ImageObject\",\"inLanguage\":\"ca\",\"@id\":\"https:\\\/\\\/www.jagalcaide.com\\\/ca\\\/producte\\\/aire-condicionat-daikin-txf42f\\\/#primaryimage\",\"url\":\"https:\\\/\\\/www.jagalcaide.com\\\/wp-content\\\/uploads\\\/2023\\\/06\\\/DAIKIN-TXF25C.jpg\",\"contentUrl\":\"https:\\\/\\\/www.jagalcaide.com\\\/wp-content\\\/uploads\\\/2023\\\/06\\\/DAIKIN-TXF25C.jpg\",\"width\":493,\"height\":645,\"caption\":\"DAIKIN PERFERA TXM20R\"},{\"@type\":\"BreadcrumbList\",\"@id\":\"https:\\\/\\\/www.jagalcaide.com\\\/ca\\\/producte\\\/aire-condicionat-daikin-txf42f\\\/#breadcrumb\",\"itemListElement\":[{\"@type\":\"ListItem\",\"position\":1,\"name\":\"Portada\",\"item\":\"https:\\\/\\\/www.jagalcaide.com\\\/ca\\\/\"},{\"@type\":\"ListItem\",\"position\":2,\"name\":\"Woocommerce shop\",\"item\":\"https:\\\/\\\/www.jagalcaide.com\\\/woocommerce-shop\\\/\"},{\"@type\":\"ListItem\",\"position\":3,\"name\":\"Aire Condicionat Daikin TXF42F\"}]},{\"@type\":\"WebSite\",\"@id\":\"https:\\\/\\\/www.jagalcaide.com\\\/ca\\\/#website\",\"url\":\"https:\\\/\\\/www.jagalcaide.com\\\/ca\\\/\",\"name\":\"JAG Alcaide - Instalaci\u00f3n y reparaci\u00f3n de Aire Acondicionado y Calderas\",\"description\":\"Otro sitio realizado con WordPress\",\"publisher\":{\"@id\":\"https:\\\/\\\/www.jagalcaide.com\\\/ca\\\/#organization\"},\"potentialAction\":[{\"@type\":\"SearchAction\",\"target\":{\"@type\":\"EntryPoint\",\"urlTemplate\":\"https:\\\/\\\/www.jagalcaide.com\\\/ca\\\/?s={search_term_string}\"},\"query-input\":{\"@type\":\"PropertyValueSpecification\",\"valueRequired\":true,\"valueName\":\"search_term_string\"}}],\"inLanguage\":\"ca\"},{\"@type\":\"Organization\",\"@id\":\"https:\\\/\\\/www.jagalcaide.com\\\/ca\\\/#organization\",\"name\":\"JAG Alcaide\",\"url\":\"https:\\\/\\\/www.jagalcaide.com\\\/ca\\\/\",\"logo\":{\"@type\":\"ImageObject\",\"inLanguage\":\"ca\",\"@id\":\"https:\\\/\\\/www.jagalcaide.com\\\/ca\\\/#\\\/schema\\\/logo\\\/image\\\/\",\"url\":\"https:\\\/\\\/www.jagalcaide.com\\\/wp-content\\\/uploads\\\/2023\\\/05\\\/logo-alcaide-gran.jpg\",\"contentUrl\":\"https:\\\/\\\/www.jagalcaide.com\\\/wp-content\\\/uploads\\\/2023\\\/05\\\/logo-alcaide-gran.jpg\",\"width\":696,\"height\":696,\"caption\":\"JAG Alcaide\"},\"image\":{\"@id\":\"https:\\\/\\\/www.jagalcaide.com\\\/ca\\\/#\\\/schema\\\/logo\\\/image\\\/\"},\"sameAs\":[\"https:\\\/\\\/x.com\\\/JAGAlcaideSL\",\"https:\\\/\\\/www.instagram.com\\\/jagalcaide\\\/\",\"https:\\\/\\\/www.linkedin.com\\\/company\\\/j-a-g-alcaide-s-l-\"]}]}<\/script>\n<!-- \/ Yoast SEO plugin. -->","yoast_head_json":{"title":"Aire condicionat DAIKIN SENSIRA TXF42F per nom\u00e9s 1720\u20ac!","description":"Aire condicionat Daikin Sensira TXF42F instal\u00b7lat i amb IVA incl\u00f2s per nom\u00e9s 1720\u20ac M\u00e9s de 73 anys com a instal\u00b7ladors truca'ns!","robots":{"index":"index","follow":"follow","max-snippet":"max-snippet:-1","max-image-preview":"max-image-preview:large","max-video-preview":"max-video-preview:-1"},"canonical":"https:\/\/www.jagalcaide.com\/ca\/producte\/aire-condicionat-daikin-txf42f\/","og_locale":"ca_ES","og_type":"article","og_title":"Aire condicionat DAIKIN SENSIRA TXF42F per nom\u00e9s 1720\u20ac!","og_description":"Aire condicionat Daikin Sensira TXF42F instal\u00b7lat i amb IVA incl\u00f2s per nom\u00e9s 1720\u20ac M\u00e9s de 73 anys com a instal\u00b7ladors truca'ns!","og_url":"https:\/\/www.jagalcaide.com\/ca\/producte\/aire-condicionat-daikin-txf42f\/","og_site_name":"JAG ALCAIDE \u2013 Instalaci\u00f3n, reparaci\u00f3n y mantenimiento en Barcelona","article_modified_time":"2026-03-07T16:03:31+00:00","og_image":[{"width":493,"height":645,"url":"https:\/\/www.jagalcaide.com\/wp-content\/uploads\/2023\/06\/DAIKIN-TXF25C.jpg","type":"image\/jpeg"}],"twitter_card":"summary_large_image","twitter_site":"@JAGAlcaideSL","twitter_misc":{"Temps estimat de lectura":"3 minuts"},"schema":{"@context":"https:\/\/schema.org","@graph":[{"@type":"WebPage","@id":"https:\/\/www.jagalcaide.com\/ca\/producte\/aire-condicionat-daikin-txf42f\/","url":"https:\/\/www.jagalcaide.com\/ca\/producte\/aire-condicionat-daikin-txf42f\/","name":"Aire condicionat DAIKIN SENSIRA TXF42F per nom\u00e9s 1720\u20ac!","isPartOf":{"@id":"https:\/\/www.jagalcaide.com\/ca\/#website"},"primaryImageOfPage":{"@id":"https:\/\/www.jagalcaide.com\/ca\/producte\/aire-condicionat-daikin-txf42f\/#primaryimage"},"image":{"@id":"https:\/\/www.jagalcaide.com\/ca\/producte\/aire-condicionat-daikin-txf42f\/#primaryimage"},"thumbnailUrl":"https:\/\/www.jagalcaide.com\/wp-content\/uploads\/2023\/06\/DAIKIN-TXF25C.jpg","datePublished":"2023-06-29T13:46:17+00:00","dateModified":"2026-03-07T16:03:31+00:00","description":"Aire condicionat Daikin Sensira TXF42F instal\u00b7lat i amb IVA incl\u00f2s per nom\u00e9s 1720\u20ac M\u00e9s de 73 anys com a instal\u00b7ladors truca'ns!","breadcrumb":{"@id":"https:\/\/www.jagalcaide.com\/ca\/producte\/aire-condicionat-daikin-txf42f\/#breadcrumb"},"inLanguage":"ca","potentialAction":[{"@type":"ReadAction","target":["https:\/\/www.jagalcaide.com\/ca\/producte\/aire-condicionat-daikin-txf42f\/"]}]},{"@type":"ImageObject","inLanguage":"ca","@id":"https:\/\/www.jagalcaide.com\/ca\/producte\/aire-condicionat-daikin-txf42f\/#primaryimage","url":"https:\/\/www.jagalcaide.com\/wp-content\/uploads\/2023\/06\/DAIKIN-TXF25C.jpg","contentUrl":"https:\/\/www.jagalcaide.com\/wp-content\/uploads\/2023\/06\/DAIKIN-TXF25C.jpg","width":493,"height":645,"caption":"DAIKIN PERFERA TXM20R"},{"@type":"BreadcrumbList","@id":"https:\/\/www.jagalcaide.com\/ca\/producte\/aire-condicionat-daikin-txf42f\/#breadcrumb","itemListElement":[{"@type":"ListItem","position":1,"name":"Portada","item":"https:\/\/www.jagalcaide.com\/ca\/"},{"@type":"ListItem","position":2,"name":"Woocommerce shop","item":"https:\/\/www.jagalcaide.com\/woocommerce-shop\/"},{"@type":"ListItem","position":3,"name":"Aire Condicionat Daikin TXF42F"}]},{"@type":"WebSite","@id":"https:\/\/www.jagalcaide.com\/ca\/#website","url":"https:\/\/www.jagalcaide.com\/ca\/","name":"JAG Alcaide - Instalaci\u00f3n y reparaci\u00f3n de Aire Acondicionado y Calderas","description":"Otro sitio realizado con WordPress","publisher":{"@id":"https:\/\/www.jagalcaide.com\/ca\/#organization"},"potentialAction":[{"@type":"SearchAction","target":{"@type":"EntryPoint","urlTemplate":"https:\/\/www.jagalcaide.com\/ca\/?s={search_term_string}"},"query-input":{"@type":"PropertyValueSpecification","valueRequired":true,"valueName":"search_term_string"}}],"inLanguage":"ca"},{"@type":"Organization","@id":"https:\/\/www.jagalcaide.com\/ca\/#organization","name":"JAG Alcaide","url":"https:\/\/www.jagalcaide.com\/ca\/","logo":{"@type":"ImageObject","inLanguage":"ca","@id":"https:\/\/www.jagalcaide.com\/ca\/#\/schema\/logo\/image\/","url":"https:\/\/www.jagalcaide.com\/wp-content\/uploads\/2023\/05\/logo-alcaide-gran.jpg","contentUrl":"https:\/\/www.jagalcaide.com\/wp-content\/uploads\/2023\/05\/logo-alcaide-gran.jpg","width":696,"height":696,"caption":"JAG Alcaide"},"image":{"@id":"https:\/\/www.jagalcaide.com\/ca\/#\/schema\/logo\/image\/"},"sameAs":["https:\/\/x.com\/JAGAlcaideSL","https:\/\/www.instagram.com\/jagalcaide\/","https:\/\/www.linkedin.com\/company\/j-a-g-alcaide-s-l-"]}]}},"wpml_current_locale":"ca","wpml_translations":{"en_US":{"locale":"en_US","id":3171,"slug":"air-conditioner-daikin-txf42f","post_title":"Air conditioner Daikin TXF42F","href":"https:\/\/www.jagalcaide.com\/en\/producto\/air-conditioner-daikin-txf42f\/"},"es_ES":{"locale":"es_ES","id":3169,"slug":"aire-acondicionado-daikin-txf42f","post_title":"Aire Acondicionado DAIKIN TXF42F","href":"https:\/\/www.jagalcaide.com\/producto\/aire-acondicionado-daikin-txf42f\/"}},"_links":{"self":[{"href":"https:\/\/www.jagalcaide.com\/ca\/wp-json\/wp\/v2\/product\/3170","targetHints":{"allow":["GET"]}}],"collection":[{"href":"https:\/\/www.jagalcaide.com\/ca\/wp-json\/wp\/v2\/product"}],"about":[{"href":"https:\/\/www.jagalcaide.com\/ca\/wp-json\/wp\/v2\/types\/product"}],"replies":[{"embeddable":true,"href":"https:\/\/www.jagalcaide.com\/ca\/wp-json\/wp\/v2\/comments?post=3170"}],"wp:featuredmedia":[{"embeddable":true,"href":"https:\/\/www.jagalcaide.com\/ca\/wp-json\/wp\/v2\/media\/3141"}],"wp:attachment":[{"href":"https:\/\/www.jagalcaide.com\/ca\/wp-json\/wp\/v2\/media?parent=3170"}],"wp:term":[{"taxonomy":"product_brand","embeddable":true,"href":"https:\/\/www.jagalcaide.com\/ca\/wp-json\/wp\/v2\/product_brand?post=3170"},{"taxonomy":"product_cat","embeddable":true,"href":"https:\/\/www.jagalcaide.com\/ca\/wp-json\/wp\/v2\/product_cat?post=3170"},{"taxonomy":"product_tag","embeddable":true,"href":"https:\/\/www.jagalcaide.com\/ca\/wp-json\/wp\/v2\/product_tag?post=3170"}],"curies":[{"name":"wp","href":"https:\/\/api.w.org\/{rel}","templated":true}]}}