{"id":6532,"date":"2026-03-08T19:33:05","date_gmt":"2026-03-08T19:33:05","guid":{"rendered":"https:\/\/www.jagalcaide.com\/?post_type=product&#038;p=6532"},"modified":"2026-03-09T07:40:07","modified_gmt":"2026-03-09T07:40:07","slug":"aire-condicionat-daikin-adeas100a","status":"publish","type":"product","link":"https:\/\/www.jagalcaide.com\/ca\/producte\/aire-condicionat-daikin-adeas100a\/","title":{"rendered":"Aire Condicionat Daikin ADEAS100A"},"content":{"rendered":"<article class=\"text-token-text-primary w-full focus:outline-none [--shadow-height:45px] has-data-writing-block:pointer-events-none has-data-writing-block:-mt-(--shadow-height) has-data-writing-block:pt-(--shadow-height) [&amp;:has([data-writing-block])&gt;*]:pointer-events-auto scroll-mt-(--header-height)\" dir=\"auto\" tabindex=\"-1\" data-turn-id=\"28fa364b-8339-4509-8846-091b74d81014\" data-testid=\"conversation-turn-5\" data-scroll-anchor=\"false\" data-turn=\"user\"><\/article>\n<article class=\"text-token-text-primary w-full focus:outline-none [--shadow-height:45px] has-data-writing-block:pointer-events-none has-data-writing-block:-mt-(--shadow-height) has-data-writing-block:pt-(--shadow-height) [&amp;:has([data-writing-block])&gt;*]:pointer-events-auto scroll-mt-[calc(var(--header-height)+min(200px,max(70px,20svh)))]\" dir=\"auto\" tabindex=\"-1\" data-turn-id=\"request-WEB:2bd3ab2a-2535-4e8b-b70f-1de4a0e2d6b2-2\" data-testid=\"conversation-turn-6\" data-scroll-anchor=\"true\" data-turn=\"assistant\">\n<div class=\"text-base my-auto mx-auto pb-10 [--thread-content-margin:var(--thread-content-margin-xs,calc(var(--spacing)*4))] @w-sm\/main:[--thread-content-margin:var(--thread-content-margin-sm,calc(var(--spacing)*6))] @w-lg\/main:[--thread-content-margin:var(--thread-content-margin-lg,calc(var(--spacing)*16))] px-(--thread-content-margin)\">\n<div class=\"[--thread-content-max-width:40rem] @w-lg\/main:[--thread-content-max-width:48rem] mx-auto max-w-(--thread-content-max-width) flex-1 group\/turn-messages focus-visible:outline-hidden relative flex w-full min-w-0 flex-col agent-turn\" tabindex=\"-1\">\n<div class=\"flex max-w-full flex-col gap-4 grow\">\n<div class=\"min-h-8 text-message relative flex w-full flex-col items-end gap-2 text-start break-words whitespace-normal [.text-message+&amp;]:mt-1\" dir=\"auto\" data-message-author-role=\"assistant\" data-message-id=\"4642854f-9351-47e3-8f11-be52282d1a4f\" data-message-model-slug=\"gpt-5-3\">\n<div class=\"flex w-full flex-col gap-1 empty:hidden\">\n<div class=\"markdown prose dark:prose-invert w-full wrap-break-word light markdown-new-styling\">\n<p data-start=\"0\" data-end=\"112\"><strong data-start=\"0\" data-end=\"112\">Aire condicionat per conductes Daikin ADEAS100A a Barcelona: efici\u00e8ncia, confort i climatitzaci\u00f3 professional<\/strong><\/p>\n<p data-start=\"114\" data-end=\"490\">Si est\u00e0s buscant una soluci\u00f3 de climatitzaci\u00f3 potent, silenciosa i est\u00e8ticament integrada per al teu habitatge o negoci, l\u2019aire condicionat per conductes \u00e9s una de les opcions m\u00e9s eficients del mercat. A <strong data-start=\"318\" data-end=\"331\">Barcelona<\/strong>, on les temperatures a l\u2019estiu poden ser molt elevades, disposar d\u2019un sistema fiable i d\u2019alt rendiment \u00e9s fonamental per garantir el confort durant tot l\u2019any.<\/p>\n<p data-start=\"492\" data-end=\"891\">Un dels equips m\u00e9s recomanats pels professionals del sector \u00e9s el <strong data-start=\"558\" data-end=\"577\">Daikin ADEAS100A<\/strong>, una m\u00e0quina dissenyada per oferir gran pot\u00e8ncia, efici\u00e8ncia energ\u00e8tica i funcionament silenci\u00f3s. A <strong data-start=\"678\" data-end=\"693\">JAG Alcaide<\/strong>, especialistes en instal\u00b7laci\u00f3 d\u2019aire condicionat per conductes a Barcelona, instal\u00b7lem aquest sistema en habitatges, oficines i locals comercials que busquen una climatitzaci\u00f3 eficient i duradora.<\/p>\n<p data-start=\"893\" data-end=\"1075\">En aquest article t\u2019expliquem totes les caracter\u00edstiques del <strong data-start=\"954\" data-end=\"973\">Daikin ADEAS100A<\/strong>, els seus avantatges i per qu\u00e8 confiar en <strong data-start=\"1016\" data-end=\"1031\">JAG Alcaide<\/strong> per instal\u00b7lar-lo a la ciutat de Barcelona.<\/p>\n<hr data-start=\"1077\" data-end=\"1080\" \/>\n<h1 data-section-id=\"12ftoh\" data-start=\"1082\" data-end=\"1124\">Qu\u00e8 \u00e9s l\u2019aire condicionat per conductes?<\/h1>\n<p data-start=\"1126\" data-end=\"1301\">L\u2019aire condicionat per conductes \u00e9s un sistema de climatitzaci\u00f3 centralitzat que distribueix l\u2019aire fred o calent a trav\u00e9s d\u2019una xarxa de conductes instal\u00b7lats al fals sostre.<\/p>\n<p data-start=\"1303\" data-end=\"1331\">Aquest sistema es compon de:<\/p>\n<ul data-start=\"1333\" data-end=\"1462\">\n<li data-section-id=\"1rsgspd\" data-start=\"1333\" data-end=\"1363\">\n<p data-start=\"1335\" data-end=\"1363\">una unitat interior oculta<\/p>\n<\/li>\n<li data-section-id=\"2pfyyz\" data-start=\"1364\" data-end=\"1387\">\n<p data-start=\"1366\" data-end=\"1387\">una unitat exterior<\/p>\n<\/li>\n<li data-section-id=\"8369d9\" data-start=\"1388\" data-end=\"1429\">\n<p data-start=\"1390\" data-end=\"1429\">una xarxa de conductes de distribuci\u00f3<\/p>\n<\/li>\n<li data-section-id=\"4drvop\" data-start=\"1430\" data-end=\"1462\">\n<p data-start=\"1432\" data-end=\"1462\">reixetes d\u2019impulsi\u00f3 i retorn<\/p>\n<\/li>\n<\/ul>\n<p data-start=\"1464\" data-end=\"1656\">El resultat \u00e9s una climatitzaci\u00f3 uniforme a totes les estances sense necessitat d\u2019equips visibles a les parets, un aspecte molt valorat en habitatges moderns i reformes a <strong data-start=\"1635\" data-end=\"1655\">Barcelona ciutat<\/strong>.<\/p>\n<hr data-start=\"1658\" data-end=\"1661\" \/>\n<h1 data-section-id=\"3fhd9a\" data-start=\"1663\" data-end=\"1701\">Caracter\u00edstiques del Daikin ADEAS100A<\/h1>\n<p data-start=\"1703\" data-end=\"1878\">El <strong data-start=\"1706\" data-end=\"1725\">Daikin ADEAS100A<\/strong> pertany a la gamma <strong data-start=\"1745\" data-end=\"1773\">Sky Air Active de Daikin<\/strong>, una l\u00ednia desenvolupada per oferir alt rendiment energ\u00e8tic, facilitat d\u2019instal\u00b7laci\u00f3 i gran fiabilitat.<\/p>\n<div id=\"attachment_6517\" style=\"width: 719px\" class=\"wp-caption aligncenter\"><img decoding=\"async\" aria-describedby=\"caption-attachment-6517\" class=\"lazyload size-full wp-image-6517\" src=\"https:\/\/www.jagalcaide.com\/wp-content\/uploads\/2026\/03\/Daikin-ADEAS.jpg\" data-orig-src=\"https:\/\/www.jagalcaide.com\/wp-content\/uploads\/2026\/03\/Daikin-ADEAS.jpg\" alt=\"Daikin ADEAS\" width=\"709\" height=\"434\" srcset=\"data:image\/svg+xml,%3Csvg%20xmlns%3D%27http%3A%2F%2Fwww.w3.org%2F2000%2Fsvg%27%20width%3D%27709%27%20height%3D%27434%27%20viewBox%3D%270%200%20709%20434%27%3E%3Crect%20width%3D%27709%27%20height%3D%27434%27%20fill-opacity%3D%220%22%2F%3E%3C%2Fsvg%3E\" data-srcset=\"https:\/\/www.jagalcaide.com\/wp-content\/uploads\/2026\/03\/Daikin-ADEAS-200x122.jpg 200w, https:\/\/www.jagalcaide.com\/wp-content\/uploads\/2026\/03\/Daikin-ADEAS-300x184.jpg 300w, https:\/\/www.jagalcaide.com\/wp-content\/uploads\/2026\/03\/Daikin-ADEAS-400x245.jpg 400w, https:\/\/www.jagalcaide.com\/wp-content\/uploads\/2026\/03\/Daikin-ADEAS-500x306.jpg 500w, https:\/\/www.jagalcaide.com\/wp-content\/uploads\/2026\/03\/Daikin-ADEAS-600x367.jpg 600w, https:\/\/www.jagalcaide.com\/wp-content\/uploads\/2026\/03\/Daikin-ADEAS-700x428.jpg 700w, https:\/\/www.jagalcaide.com\/wp-content\/uploads\/2026\/03\/Daikin-ADEAS.jpg 709w\" data-sizes=\"auto\" data-orig-sizes=\"(max-width: 709px) 100vw, 709px\" \/><p id=\"caption-attachment-6517\" class=\"wp-caption-text\">Daikin ADEAS<\/p><\/div>\n<p data-start=\"1880\" data-end=\"1946\">A continuaci\u00f3 analitzem les seves caracter\u00edstiques m\u00e9s importants.<\/p>\n<hr data-start=\"1948\" data-end=\"1951\" \/>\n<h2 data-section-id=\"baratx\" data-start=\"1953\" data-end=\"2010\">Pot\u00e8ncia ideal per a habitatges de mida mitjana i gran<\/h2>\n<p data-start=\"2012\" data-end=\"2061\">Aquest equip ofereix una capacitat aproximada de:<\/p>\n<ul data-start=\"2063\" data-end=\"2120\">\n<li data-section-id=\"ey1dvb\" data-start=\"2063\" data-end=\"2093\">\n<p data-start=\"2065\" data-end=\"2093\"><strong data-start=\"2065\" data-end=\"2091\">9,5 kW en refrigeraci\u00f3<\/strong><\/p>\n<\/li>\n<li data-section-id=\"esmgul\" data-start=\"2094\" data-end=\"2120\">\n<p data-start=\"2096\" data-end=\"2120\"><strong data-start=\"2096\" data-end=\"2120\">10,8 kW en calefacci\u00f3<\/strong><\/p>\n<\/li>\n<\/ul>\n<p data-start=\"2122\" data-end=\"2196\">Gr\u00e0cies a aquesta pot\u00e8ncia, el sistema pot climatitzar de manera eficient:<\/p>\n<ul data-start=\"2198\" data-end=\"2272\">\n<li data-section-id=\"1gfpxnb\" data-start=\"2198\" data-end=\"2213\">\n<p data-start=\"2200\" data-end=\"2213\">pisos grans<\/p>\n<\/li>\n<li data-section-id=\"ab8isl\" data-start=\"2214\" data-end=\"2237\">\n<p data-start=\"2216\" data-end=\"2237\">habitatges complets<\/p>\n<\/li>\n<li data-section-id=\"1xe77e\" data-start=\"2238\" data-end=\"2250\">\n<p data-start=\"2240\" data-end=\"2250\">oficines<\/p>\n<\/li>\n<li data-section-id=\"19jqyxg\" data-start=\"2251\" data-end=\"2272\">\n<p data-start=\"2253\" data-end=\"2272\">locals comercials<\/p>\n<\/li>\n<\/ul>\n<p data-start=\"2274\" data-end=\"2404\">Normalment \u00e9s una excel\u00b7lent opci\u00f3 per a superf\u00edcies d\u2019entre 9<strong data-start=\"2335\" data-end=\"2350\">0 i 110 m\u00b2<\/strong>, depenent de l\u2019a\u00efllament i la distribuci\u00f3 de l\u2019espai.<\/p>\n<hr data-start=\"2406\" data-end=\"2409\" \/>\n<h2 data-section-id=\"1csxz4f\" data-start=\"2411\" data-end=\"2462\">Alta efici\u00e8ncia energ\u00e8tica i tecnologia Inverter<\/h2>\n<p data-start=\"2464\" data-end=\"2689\">Un dels principals avantatges dels sistemes <strong data-start=\"2508\" data-end=\"2518\">Daikin<\/strong> \u00e9s la seva efici\u00e8ncia energ\u00e8tica. El model <strong data-start=\"2562\" data-end=\"2574\">ADEAS100A<\/strong> incorpora <strong data-start=\"2585\" data-end=\"2608\">tecnologia Inverter<\/strong>, que ajusta autom\u00e0ticament la pot\u00e8ncia del compressor segons la demanda t\u00e8rmica.<\/p>\n<p data-start=\"2691\" data-end=\"2703\">Aix\u00f2 permet:<\/p>\n<ul data-start=\"2705\" data-end=\"2821\">\n<li data-section-id=\"101wmb8\" data-start=\"2705\" data-end=\"2745\">\n<p data-start=\"2707\" data-end=\"2745\">mantenir una <strong data-start=\"2720\" data-end=\"2743\">temperatura estable<\/strong><\/p>\n<\/li>\n<li data-section-id=\"h98paz\" data-start=\"2746\" data-end=\"2779\">\n<p data-start=\"2748\" data-end=\"2779\"><strong data-start=\"2748\" data-end=\"2777\">reduir el consum el\u00e8ctric<\/strong><\/p>\n<\/li>\n<li data-section-id=\"1wom67v\" data-start=\"2780\" data-end=\"2821\">\n<p data-start=\"2782\" data-end=\"2821\">evitar arrencades i parades constants<\/p>\n<\/li>\n<\/ul>\n<p data-start=\"2823\" data-end=\"2954\">El resultat \u00e9s <strong data-start=\"2838\" data-end=\"2880\">m\u00e9s confort i menor despesa energ\u00e8tica<\/strong>, especialment important en ciutats amb estius intensos com <strong data-start=\"2940\" data-end=\"2953\">Barcelona<\/strong>.<\/p>\n<hr data-start=\"2956\" data-end=\"2959\" \/>\n<h2 data-section-id=\"wlvvpb\" data-start=\"2961\" data-end=\"3004\">Climatitzaci\u00f3 uniforme a tot l\u2019habitatge<\/h2>\n<p data-start=\"3006\" data-end=\"3145\">A difer\u00e8ncia dels sistemes split tradicionals, l\u2019aire condicionat per conductes distribueix l\u2019aire de manera homog\u00e8nia per tot l\u2019habitatge.<\/p>\n<p data-start=\"3147\" data-end=\"3177\">Els principals avantatges s\u00f3n:<\/p>\n<p data-start=\"3179\" data-end=\"3296\">\u2714 temperatura equilibrada a totes les habitacions<br data-start=\"3228\" data-end=\"3231\" \/>\u2714 abs\u00e8ncia de corrents d\u2019aire directes<br data-start=\"3269\" data-end=\"3272\" \/>\u2714 major confort t\u00e8rmic<\/p>\n<p data-start=\"3298\" data-end=\"3397\">Aquest sistema \u00e9s ideal per a fam\u00edlies que volen climatitzar <strong data-start=\"3359\" data-end=\"3396\">tota la casa amb una sola m\u00e0quina<\/strong>.<\/p>\n<hr data-start=\"3399\" data-end=\"3402\" \/>\n<div id=\"attachment_6523\" style=\"width: 873px\" class=\"wp-caption alignnone\"><img decoding=\"async\" aria-describedby=\"caption-attachment-6523\" class=\"lazyload size-full wp-image-6523\" src=\"https:\/\/www.jagalcaide.com\/wp-content\/uploads\/2026\/03\/ADEAS-DAIKIN.jpg\" data-orig-src=\"https:\/\/www.jagalcaide.com\/wp-content\/uploads\/2026\/03\/ADEAS-DAIKIN.jpg\" alt=\"ADEAS DAIKIN\" width=\"863\" height=\"811\" srcset=\"data:image\/svg+xml,%3Csvg%20xmlns%3D%27http%3A%2F%2Fwww.w3.org%2F2000%2Fsvg%27%20width%3D%27863%27%20height%3D%27811%27%20viewBox%3D%270%200%20863%20811%27%3E%3Crect%20width%3D%27863%27%20height%3D%27811%27%20fill-opacity%3D%220%22%2F%3E%3C%2Fsvg%3E\" data-srcset=\"https:\/\/www.jagalcaide.com\/wp-content\/uploads\/2026\/03\/ADEAS-DAIKIN-200x188.jpg 200w, https:\/\/www.jagalcaide.com\/wp-content\/uploads\/2026\/03\/ADEAS-DAIKIN-300x282.jpg 300w, https:\/\/www.jagalcaide.com\/wp-content\/uploads\/2026\/03\/ADEAS-DAIKIN-400x376.jpg 400w, https:\/\/www.jagalcaide.com\/wp-content\/uploads\/2026\/03\/ADEAS-DAIKIN-500x470.jpg 500w, https:\/\/www.jagalcaide.com\/wp-content\/uploads\/2026\/03\/ADEAS-DAIKIN-600x564.jpg 600w, https:\/\/www.jagalcaide.com\/wp-content\/uploads\/2026\/03\/ADEAS-DAIKIN-700x658.jpg 700w, https:\/\/www.jagalcaide.com\/wp-content\/uploads\/2026\/03\/ADEAS-DAIKIN-768x722.jpg 768w, https:\/\/www.jagalcaide.com\/wp-content\/uploads\/2026\/03\/ADEAS-DAIKIN-800x752.jpg 800w, https:\/\/www.jagalcaide.com\/wp-content\/uploads\/2026\/03\/ADEAS-DAIKIN.jpg 863w\" data-sizes=\"auto\" data-orig-sizes=\"(max-width: 863px) 100vw, 863px\" \/><p id=\"caption-attachment-6523\" class=\"wp-caption-text\">ADEAS DAIKIN<\/p><\/div>\n<h2 data-section-id=\"7fbbdi\" data-start=\"3404\" data-end=\"3444\">Instal\u00b7laci\u00f3 discreta i est\u00e8tica neta<\/h2>\n<p data-start=\"3446\" data-end=\"3575\">Una de les raons per les quals molts propietaris a <strong data-start=\"3497\" data-end=\"3510\">Barcelona<\/strong> trien sistemes per conductes \u00e9s la seva <strong data-start=\"3551\" data-end=\"3574\">integraci\u00f3 est\u00e8tica<\/strong>.<\/p>\n<p data-start=\"3577\" data-end=\"3620\">El sistema queda pr\u00e0cticament ocult perqu\u00e8:<\/p>\n<ul data-start=\"3622\" data-end=\"3758\">\n<li data-section-id=\"kwue4i\" data-start=\"3622\" data-end=\"3675\">\n<p data-start=\"3624\" data-end=\"3675\">la unitat interior s\u2019instal\u00b7la al <strong data-start=\"3658\" data-end=\"3673\">fals sostre<\/strong><\/p>\n<\/li>\n<li data-section-id=\"3x92r0\" data-start=\"3676\" data-end=\"3718\">\n<p data-start=\"3678\" data-end=\"3718\">l\u2019aire surt per <strong data-start=\"3694\" data-end=\"3716\">reixetes discretes<\/strong><\/p>\n<\/li>\n<li data-section-id=\"1axpozj\" data-start=\"3719\" data-end=\"3758\">\n<p data-start=\"3721\" data-end=\"3758\">no hi ha unitats interiors visibles<\/p>\n<\/li>\n<\/ul>\n<p data-start=\"3760\" data-end=\"3874\">Aix\u00f2 permet mantenir una <strong data-start=\"3785\" data-end=\"3813\">decoraci\u00f3 neta i moderna<\/strong>, especialment en reformes integrals o habitatges de disseny.<\/p>\n<hr data-start=\"3876\" data-end=\"3879\" \/>\n<h2 data-section-id=\"d9rtuf\" data-start=\"3881\" data-end=\"3906\">Funcionament silenci\u00f3s<\/h2>\n<p data-start=\"3908\" data-end=\"4032\">El <strong data-start=\"3911\" data-end=\"3930\">Daikin ADEAS100A<\/strong> est\u00e0 dissenyat per oferir <strong data-start=\"3957\" data-end=\"3990\">nivells de soroll molt baixos<\/strong>, un aspecte fonamental en entorns urbans.<\/p>\n<p data-start=\"4034\" data-end=\"4108\">El seu funcionament silenci\u00f3s el converteix en una excel\u00b7lent opci\u00f3 per a:<\/p>\n<ul data-start=\"4110\" data-end=\"4189\">\n<li data-section-id=\"1yuhzba\" data-start=\"4110\" data-end=\"4124\">\n<p data-start=\"4112\" data-end=\"4124\">dormitoris<\/p>\n<\/li>\n<li data-section-id=\"14um6d8\" data-start=\"4125\" data-end=\"4149\">\n<p data-start=\"4127\" data-end=\"4149\">habitatges familiars<\/p>\n<\/li>\n<li data-section-id=\"kftq1n\" data-start=\"4150\" data-end=\"4163\">\n<p data-start=\"4152\" data-end=\"4163\">despatxos<\/p>\n<\/li>\n<li data-section-id=\"xzz58e\" data-start=\"4164\" data-end=\"4189\">\n<p data-start=\"4166\" data-end=\"4189\">apartaments tur\u00edstics<\/p>\n<\/li>\n<\/ul>\n<p data-start=\"4191\" data-end=\"4289\">El confort ac\u00fastic \u00e9s especialment important en zones densament poblades com <strong data-start=\"4268\" data-end=\"4288\">Barcelona ciutat<\/strong>.<\/p>\n<hr data-start=\"4291\" data-end=\"4294\" \/>\n<h2 data-section-id=\"v6v5ti\" data-start=\"4296\" data-end=\"4341\">Control intel\u00b7ligent i opcions de dom\u00f2tica<\/h2>\n<p data-start=\"4343\" data-end=\"4447\">Aquest equip permet incorporar sistemes de control avan\u00e7ats que faciliten la gesti\u00f3 de la climatitzaci\u00f3.<\/p>\n<p data-start=\"4449\" data-end=\"4483\">Entre les seves opcions destaquen:<\/p>\n<ul data-start=\"4485\" data-end=\"4602\">\n<li data-section-id=\"oq4s79\" data-start=\"4485\" data-end=\"4517\">\n<p data-start=\"4487\" data-end=\"4517\">term\u00f2stats digitals avan\u00e7ats<\/p>\n<\/li>\n<li data-section-id=\"h0epet\" data-start=\"4518\" data-end=\"4539\">\n<p data-start=\"4520\" data-end=\"4539\">control per zones<\/p>\n<\/li>\n<li data-section-id=\"b3y83v\" data-start=\"4540\" data-end=\"4563\">\n<p data-start=\"4542\" data-end=\"4563\">programaci\u00f3 hor\u00e0ria<\/p>\n<\/li>\n<li data-section-id=\"11glt6z\" data-start=\"4564\" data-end=\"4602\">\n<p data-start=\"4566\" data-end=\"4602\">control WiFi des del tel\u00e8fon m\u00f2bil<\/p>\n<\/li>\n<\/ul>\n<p data-start=\"4604\" data-end=\"4700\">Aquestes funcions ajuden a <strong data-start=\"4631\" data-end=\"4699\">optimitzar el consum energ\u00e8tic i millorar el confort de l\u2019usuari<\/strong>.<\/p>\n<hr data-start=\"4702\" data-end=\"4705\" \/>\n<div id=\"attachment_6520\" style=\"width: 879px\" class=\"wp-caption alignnone\"><img decoding=\"async\" aria-describedby=\"caption-attachment-6520\" class=\"lazyload  wp-image-6520\" src=\"https:\/\/www.jagalcaide.com\/wp-content\/uploads\/2026\/03\/DAIKIN-BRC1E53A.jpg\" data-orig-src=\"https:\/\/www.jagalcaide.com\/wp-content\/uploads\/2026\/03\/DAIKIN-BRC1E53A.jpg\" alt=\"DAIKIN BRC1E53A\" width=\"869\" height=\"612\" srcset=\"data:image\/svg+xml,%3Csvg%20xmlns%3D%27http%3A%2F%2Fwww.w3.org%2F2000%2Fsvg%27%20width%3D%27869%27%20height%3D%27612%27%20viewBox%3D%270%200%20869%20612%27%3E%3Crect%20width%3D%27869%27%20height%3D%27612%27%20fill-opacity%3D%220%22%2F%3E%3C%2Fsvg%3E\" data-srcset=\"https:\/\/www.jagalcaide.com\/wp-content\/uploads\/2026\/03\/DAIKIN-BRC1E53A-200x141.jpg 200w, https:\/\/www.jagalcaide.com\/wp-content\/uploads\/2026\/03\/DAIKIN-BRC1E53A-300x211.jpg 300w, https:\/\/www.jagalcaide.com\/wp-content\/uploads\/2026\/03\/DAIKIN-BRC1E53A-400x282.jpg 400w, https:\/\/www.jagalcaide.com\/wp-content\/uploads\/2026\/03\/DAIKIN-BRC1E53A-500x352.jpg 500w, https:\/\/www.jagalcaide.com\/wp-content\/uploads\/2026\/03\/DAIKIN-BRC1E53A-600x422.jpg 600w, https:\/\/www.jagalcaide.com\/wp-content\/uploads\/2026\/03\/DAIKIN-BRC1E53A-700x493.jpg 700w, https:\/\/www.jagalcaide.com\/wp-content\/uploads\/2026\/03\/DAIKIN-BRC1E53A-768x541.jpg 768w, https:\/\/www.jagalcaide.com\/wp-content\/uploads\/2026\/03\/DAIKIN-BRC1E53A-800x563.jpg 800w, https:\/\/www.jagalcaide.com\/wp-content\/uploads\/2026\/03\/DAIKIN-BRC1E53A-1024x721.jpg 1024w, https:\/\/www.jagalcaide.com\/wp-content\/uploads\/2026\/03\/DAIKIN-BRC1E53A.jpg 1175w\" data-sizes=\"auto\" data-orig-sizes=\"(max-width: 869px) 100vw, 869px\" \/><p id=\"caption-attachment-6520\" class=\"wp-caption-text\">DAIKIN BRC1E53A<\/p><\/div>\n<h1 data-section-id=\"169jctz\" data-start=\"4707\" data-end=\"4775\">Avantatges d\u2019instal\u00b7lar aire condicionat per conductes a Barcelona<\/h1>\n<p data-start=\"4777\" data-end=\"4892\">Cada vegada m\u00e9s habitatges a <strong data-start=\"4806\" data-end=\"4819\">Barcelona<\/strong> opten per sistemes per conductes a causa dels seus m\u00faltiples avantatges.<\/p>\n<h2 data-section-id=\"jwub2y\" data-start=\"4894\" data-end=\"4917\">Major confort t\u00e8rmic<\/h2>\n<p data-start=\"4918\" data-end=\"5021\">La distribuci\u00f3 uniforme de l\u2019aire permet gaudir d\u2019una <strong data-start=\"4972\" data-end=\"5020\">temperatura equilibrada a totes les estances<\/strong>.<\/p>\n<h2 data-section-id=\"117zcy\" data-start=\"5023\" data-end=\"5066\">Est\u00e8tica i revaloritzaci\u00f3 de l\u2019habitatge<\/h2>\n<p data-start=\"5067\" data-end=\"5246\">En tractar-se d\u2019un sistema ocult, millora l\u2019est\u00e8tica interior i pot <strong data-start=\"5135\" data-end=\"5172\">augmentar el valor de l\u2019habitatge<\/strong>, un aspecte especialment important en el mercat immobiliari de Barcelona.<\/p>\n<h2 data-section-id=\"1uopp8v\" data-start=\"5248\" data-end=\"5293\">Menys soroll que els sistemes tradicionals<\/h2>\n<p data-start=\"5294\" data-end=\"5435\">En estar la unitat interior instal\u00b7lada al fals sostre, el soroll percebut a les habitacions \u00e9s <strong data-start=\"5390\" data-end=\"5434\">molt inferior al de molts sistemes split<\/strong>.<\/p>\n<h2 data-section-id=\"1hdyq4s\" data-start=\"5437\" data-end=\"5480\">Soluci\u00f3 ideal per a reformes i obra nova<\/h2>\n<p data-start=\"5481\" data-end=\"5514\">Aquest sistema \u00e9s perfecte per a:<\/p>\n<ul data-start=\"5516\" data-end=\"5608\">\n<li data-section-id=\"1509vky\" data-start=\"5516\" data-end=\"5538\">\n<p data-start=\"5518\" data-end=\"5538\">reformes integrals<\/p>\n<\/li>\n<li data-section-id=\"4cl039\" data-start=\"5539\" data-end=\"5573\">\n<p data-start=\"5541\" data-end=\"5573\">habitatges de nova construcci\u00f3<\/p>\n<\/li>\n<li data-section-id=\"19jqyxg\" data-start=\"5574\" data-end=\"5595\">\n<p data-start=\"5576\" data-end=\"5595\">locals comercials<\/p>\n<\/li>\n<li data-section-id=\"1xe77e\" data-start=\"5596\" data-end=\"5608\">\n<p data-start=\"5598\" data-end=\"5608\">oficines<\/p>\n<\/li>\n<\/ul>\n<hr data-start=\"5610\" data-end=\"5613\" \/>\n<h1 data-section-id=\"k40cg5\" data-start=\"5615\" data-end=\"5675\">Instal\u00b7laci\u00f3 professional d\u2019aire condicionat per conductes<\/h1>\n<p data-start=\"5677\" data-end=\"5832\">La instal\u00b7laci\u00f3 d\u2019un sistema per conductes requereix <strong data-start=\"5730\" data-end=\"5759\">un disseny t\u00e8cnic adequat<\/strong>. Un sistema mal dimensionat o amb conductes mal dissenyats pot provocar:<\/p>\n<ul data-start=\"5834\" data-end=\"5915\">\n<li data-section-id=\"11zkhfm\" data-start=\"5834\" data-end=\"5857\">\n<p data-start=\"5836\" data-end=\"5857\">p\u00e8rdua d\u2019efici\u00e8ncia<\/p>\n<\/li>\n<li data-section-id=\"11r7rcz\" data-start=\"5858\" data-end=\"5880\">\n<p data-start=\"5860\" data-end=\"5880\">sorolls al sistema<\/p>\n<\/li>\n<li data-section-id=\"15h5biw\" data-start=\"5881\" data-end=\"5915\">\n<p data-start=\"5883\" data-end=\"5915\">distribuci\u00f3 desigual de l\u2019aire<\/p>\n<\/li>\n<\/ul>\n<p data-start=\"5917\" data-end=\"6016\">Per aix\u00f2 \u00e9s fonamental comptar amb <strong data-start=\"5952\" data-end=\"6015\">instal\u00b7ladors especialitzats en climatitzaci\u00f3 per conductes<\/strong>.<\/p>\n<hr data-start=\"6018\" data-end=\"6021\" \/>\n<h1 data-section-id=\"18jaikl\" data-start=\"6023\" data-end=\"6101\">Per qu\u00e8 triar JAG Alcaide per instal\u00b7lar el teu Daikin ADEAS100A a Barcelona?<\/h1>\n<p data-start=\"6103\" data-end=\"6272\">A <strong data-start=\"6105\" data-end=\"6120\">JAG Alcaide<\/strong> som especialistes en <strong data-start=\"6142\" data-end=\"6189\">instal\u00b7laci\u00f3 d\u2019aire condicionat a Barcelona<\/strong>, amb una \u00e0mplia experi\u00e8ncia en projectes de climatitzaci\u00f3 residencial i comercial.<\/p>\n<p data-start=\"6274\" data-end=\"6357\">Aquestes s\u00f3n algunes de les raons per les quals molts clients confien en nosaltres.<\/p>\n<hr data-start=\"6359\" data-end=\"6362\" \/>\n<h2 data-section-id=\"5kpmes\" data-start=\"6364\" data-end=\"6416\">Especialistes en climatitzaci\u00f3 i aire condicionat<\/h2>\n<p data-start=\"6418\" data-end=\"6467\">El nostre equip t\u00e8cnic compta amb experi\u00e8ncia en:<\/p>\n<ul data-start=\"6469\" data-end=\"6609\">\n<li data-section-id=\"12chosz\" data-start=\"6469\" data-end=\"6503\">\n<p data-start=\"6471\" data-end=\"6503\">aire condicionat per conductes<\/p>\n<\/li>\n<li data-section-id=\"1lvyd3f\" data-start=\"6504\" data-end=\"6535\">\n<p data-start=\"6506\" data-end=\"6535\">sistemes split i multisplit<\/p>\n<\/li>\n<li data-section-id=\"11ylxod\" data-start=\"6536\" data-end=\"6570\">\n<p data-start=\"6538\" data-end=\"6570\">climatitzaci\u00f3 per a habitatges<\/p>\n<\/li>\n<li data-section-id=\"11ojok2\" data-start=\"6571\" data-end=\"6609\">\n<p data-start=\"6573\" data-end=\"6609\">solucions per a negocis i oficines<\/p>\n<\/li>\n<\/ul>\n<p data-start=\"6611\" data-end=\"6675\">Aix\u00f2 ens permet oferir <strong data-start=\"6634\" data-end=\"6674\">instal\u00b7lacions eficients i duradores<\/strong>.<\/p>\n<hr data-start=\"6677\" data-end=\"6680\" \/>\n<h2 data-section-id=\"bqlem2\" data-start=\"6682\" data-end=\"6738\">Coneixement del mercat i dels habitatges de Barcelona<\/h2>\n<p data-start=\"6740\" data-end=\"6809\">Treballem habitualment a <strong data-start=\"6765\" data-end=\"6778\">Barcelona<\/strong>, cosa que ens permet con\u00e8ixer:<\/p>\n<ul data-start=\"6811\" data-end=\"6956\">\n<li data-section-id=\"1mqv31q\" data-start=\"6811\" data-end=\"6851\">\n<p data-start=\"6813\" data-end=\"6851\">les tipologies de pisos de la ciutat<\/p>\n<\/li>\n<li data-section-id=\"1t2zvio\" data-start=\"6852\" data-end=\"6903\">\n<p data-start=\"6854\" data-end=\"6903\">les necessitats de climatitzaci\u00f3 segons la zona<\/p>\n<\/li>\n<li data-section-id=\"1iauudr\" data-start=\"6904\" data-end=\"6956\">\n<p data-start=\"6906\" data-end=\"6956\">les solucions m\u00e9s adequades per a cada habitatge<\/p>\n<\/li>\n<\/ul>\n<p data-start=\"6958\" data-end=\"7055\">Aquest coneixement local ens ajuda a dissenyar <strong data-start=\"7005\" data-end=\"7054\">instal\u00b7lacions optimitzades per a cada client<\/strong>.<\/p>\n<hr data-start=\"7057\" data-end=\"7060\" \/>\n<h2 data-section-id=\"1djfci6\" data-start=\"7062\" data-end=\"7092\">Estudi t\u00e8cnic personalitzat<\/h2>\n<p data-start=\"7094\" data-end=\"7195\">Abans de realitzar qualsevol instal\u00b7laci\u00f3, fem una <strong data-start=\"7145\" data-end=\"7176\">an\u00e0lisi completa de l\u2019espai<\/strong>, tenint en compte:<\/p>\n<ul data-start=\"7197\" data-end=\"7318\">\n<li data-section-id=\"1fudwj9\" data-start=\"7197\" data-end=\"7229\">\n<p data-start=\"7199\" data-end=\"7229\">la superf\u00edcie de l\u2019habitatge<\/p>\n<\/li>\n<li data-section-id=\"cuynqx\" data-start=\"7230\" data-end=\"7264\">\n<p data-start=\"7232\" data-end=\"7264\">la distribuci\u00f3 de les estances<\/p>\n<\/li>\n<li data-section-id=\"qbxqkp\" data-start=\"7265\" data-end=\"7287\">\n<p data-start=\"7267\" data-end=\"7287\">l\u2019a\u00efllament t\u00e8rmic<\/p>\n<\/li>\n<li data-section-id=\"1oqeckw\" data-start=\"7288\" data-end=\"7318\">\n<p data-start=\"7290\" data-end=\"7318\">les necessitats del client<\/p>\n<\/li>\n<\/ul>\n<p data-start=\"7320\" data-end=\"7388\">Aix\u00ed garantim que el <strong data-start=\"7341\" data-end=\"7360\">Daikin ADEAS100A<\/strong> sigui l\u2019opci\u00f3 m\u00e9s adequada.<\/p>\n<hr data-start=\"7390\" data-end=\"7393\" \/>\n<h2 data-section-id=\"fsa8b3\" data-start=\"7395\" data-end=\"7432\">Instal\u00b7laci\u00f3 completa amb garantia<\/h2>\n<p data-start=\"7434\" data-end=\"7463\">Els nostres serveis inclouen:<\/p>\n<ul data-start=\"7465\" data-end=\"7615\">\n<li data-section-id=\"9gdkft\" data-start=\"7465\" data-end=\"7489\">\n<p data-start=\"7467\" data-end=\"7489\">assessorament t\u00e8cnic<\/p>\n<\/li>\n<li data-section-id=\"1btte9p\" data-start=\"7490\" data-end=\"7526\">\n<p data-start=\"7492\" data-end=\"7526\">disseny del sistema de conductes<\/p>\n<\/li>\n<li data-section-id=\"r2mn1p\" data-start=\"7527\" data-end=\"7556\">\n<p data-start=\"7529\" data-end=\"7556\">instal\u00b7laci\u00f3 professional<\/p>\n<\/li>\n<li data-section-id=\"7ubkqo\" data-start=\"7557\" data-end=\"7587\">\n<p data-start=\"7559\" data-end=\"7587\">posada en marxa de l\u2019equip<\/p>\n<\/li>\n<li data-section-id=\"1eozqaf\" data-start=\"7588\" data-end=\"7615\">\n<p data-start=\"7590\" data-end=\"7615\">suport t\u00e8cnic posterior<\/p>\n<\/li>\n<\/ul>\n<p data-start=\"7617\" data-end=\"7680\">Tot aix\u00f2 amb <strong data-start=\"7630\" data-end=\"7679\">materials de qualitat i garantia professional<\/strong>.<\/p>\n<hr data-start=\"7682\" data-end=\"7685\" \/>\n<h1 data-section-id=\"1euq8pt\" data-start=\"7687\" data-end=\"7741\">Preu de l\u2019aire condicionat per conductes a Barcelona<\/h1>\n<p data-start=\"7743\" data-end=\"7845\">El preu d\u2019una instal\u00b7laci\u00f3 d\u2019<strong data-start=\"7772\" data-end=\"7818\">aire condicionat per conductes a Barcelona<\/strong> dep\u00e8n de diversos factors:<\/p>\n<ul data-start=\"7847\" data-end=\"7968\">\n<li data-section-id=\"hlf9i4\" data-start=\"7847\" data-end=\"7870\">\n<p data-start=\"7849\" data-end=\"7870\">mida de l\u2019habitatge<\/p>\n<\/li>\n<li data-section-id=\"qudqiq\" data-start=\"7871\" data-end=\"7905\">\n<p data-start=\"7873\" data-end=\"7905\">complexitat de la instal\u00b7laci\u00f3<\/p>\n<\/li>\n<li data-section-id=\"qszs2q\" data-start=\"7906\" data-end=\"7933\">\n<p data-start=\"7908\" data-end=\"7933\">longitud dels conductes<\/p>\n<\/li>\n<li data-section-id=\"15c560a\" data-start=\"7934\" data-end=\"7968\">\n<p data-start=\"7936\" data-end=\"7968\">tipus de control i zonificaci\u00f3<\/p>\n<\/li>\n<\/ul>\n<p data-start=\"7970\" data-end=\"8073\">Per aix\u00f2 recomanem <strong data-start=\"7989\" data-end=\"8039\">sol\u00b7licitar sempre un pressupost personalitzat<\/strong> per obtenir una valoraci\u00f3 exacta.<\/p>\n<hr data-start=\"8075\" data-end=\"8078\" \/>\n<h1 data-section-id=\"1gj9kxh\" data-start=\"8080\" data-end=\"8149\">Sol\u00b7licita pressupost per instal\u00b7lar el Daikin ADEAS100A a Barcelona<\/h1>\n<p data-start=\"8151\" data-end=\"8311\">Si est\u00e0s pensant a instal\u00b7lar <strong data-start=\"8181\" data-end=\"8227\">aire condicionat per conductes a Barcelona<\/strong>, el <strong data-start=\"8232\" data-end=\"8251\">Daikin ADEAS100A<\/strong> \u00e9s una de les solucions m\u00e9s eficients i fiables del mercat.<\/p>\n<p data-start=\"8313\" data-end=\"8483\">A <strong data-start=\"8315\" data-end=\"8330\">JAG Alcaide<\/strong> t\u2019ajudem a dissenyar i instal\u00b7lar un sistema de climatitzaci\u00f3 adaptat al teu habitatge o negoci perqu\u00e8 gaudeixis del <strong data-start=\"8448\" data-end=\"8482\">m\u00e0xim confort durant tot l\u2019any<\/strong>.<\/p>\n<p data-start=\"8485\" data-end=\"8577\">Sol\u00b7licita ara el teu <strong data-start=\"8507\" data-end=\"8537\">pressupost sense comprom\u00eds<\/strong> a trav\u00e9s de<br data-start=\"8549\" data-end=\"8552\" \/>\ud83d\udc49 <strong data-start=\"8555\" data-end=\"8577\"><a class=\"decorated-link\" href=\"http:\/\/www.jagalcaide.com\/ca\/\" target=\"_new\" rel=\"noopener\" data-start=\"8557\" data-end=\"8575\">www.jagalcaide.com<\/a><\/strong><\/p>\n<p data-start=\"8579\" data-end=\"8706\" data-is-last-node=\"\" data-is-only-node=\"\">i descobreix per qu\u00e8 som una de les empreses millor valorades en <strong data-start=\"8644\" data-end=\"8705\">instal\u00b7laci\u00f3 d\u2019aire condicionat per conductes a Barcelona<\/strong>.<\/p>\n<\/div>\n<\/div>\n<\/div>\n<\/div>\n<\/div>\n<\/div>\n<\/article>\n","protected":false},"excerpt":{"rendered":"<p>Aire condicionat per conductes Daikin ADEAS100A a Barcelona: efici\u00e8ncia, confort i climatitzaci\u00f3 professional Si est\u00e0s buscant una soluci\u00f3 de climatitzaci\u00f3 potent, silenciosa i est\u00e8ticament integrada per al teu habitatge o negoci, l\u2019aire condicionat per conductes [&hellip;]<\/p>\n","protected":false},"featured_media":6517,"comment_status":"open","ping_status":"closed","template":"","meta":{"_acf_changed":false,"_yoast_wpseo_focuskw":"ADEAS100A","_yoast_wpseo_title":"Aire condicionat Daikin ADEAS100A | JAG Alcaide","_yoast_wpseo_metadesc":"Aire acondicionat Daikin mod. ADEAS100A instal\u00b7lat i amb IVA incl\u00f2s per nom\u00e9s 4200\u20ac. M\u00e9s de 70 anys com a instal\u00b7ladors Truca'ns!"},"product_brand":[],"product_cat":[890,394,780,884,525],"product_tag":[537],"class_list":{"0":"post-6532","1":"product","2":"type-product","3":"status-publish","4":"has-post-thumbnail","6":"product_cat-aa-daikin-adeas100","7":"product_cat-aire-condicionat","8":"product_cat-aire-condicionat-daikin-ca","9":"product_cat-aire-condicionat-serie-daikin-sky-air","10":"product_cat-totes","11":"product_tag-gas-r-32-ca","13":"first","14":"instock","15":"featured","16":"taxable","17":"shipping-taxable","18":"purchasable","19":"product-type-simple"},"acf":[],"yoast_head":"<!-- This site is optimized with the Yoast SEO plugin v27.5 - https:\/\/yoast.com\/product\/yoast-seo-wordpress\/ -->\n<title>Aire condicionat Daikin ADEAS100A | JAG Alcaide<\/title>\n<meta name=\"description\" content=\"Aire acondicionat Daikin mod. ADEAS100A instal\u00b7lat i amb IVA incl\u00f2s per nom\u00e9s 4200\u20ac. M\u00e9s de 70 anys com a instal\u00b7ladors Truca&#039;ns!\" \/>\n<meta name=\"robots\" content=\"index, follow, max-snippet:-1, max-image-preview:large, max-video-preview:-1\" \/>\n<link rel=\"canonical\" href=\"https:\/\/www.jagalcaide.com\/ca\/producte\/aire-condicionat-daikin-adeas100a\/\" \/>\n<meta property=\"og:locale\" content=\"ca_ES\" \/>\n<meta property=\"og:type\" content=\"article\" \/>\n<meta property=\"og:title\" content=\"Aire condicionat Daikin ADEAS100A | JAG Alcaide\" \/>\n<meta property=\"og:description\" content=\"Aire acondicionat Daikin mod. ADEAS100A instal\u00b7lat i amb IVA incl\u00f2s per nom\u00e9s 4200\u20ac. M\u00e9s de 70 anys com a instal\u00b7ladors Truca&#039;ns!\" \/>\n<meta property=\"og:url\" content=\"https:\/\/www.jagalcaide.com\/ca\/producte\/aire-condicionat-daikin-adeas100a\/\" \/>\n<meta property=\"og:site_name\" content=\"JAG ALCAIDE \u2013 Instalaci\u00f3n, reparaci\u00f3n y mantenimiento en Barcelona\" \/>\n<meta property=\"article:modified_time\" content=\"2026-03-09T07:40:07+00:00\" \/>\n<meta property=\"og:image\" content=\"https:\/\/www.jagalcaide.com\/wp-content\/uploads\/2026\/03\/Daikin-ADEAS.jpg\" \/>\n\t<meta property=\"og:image:width\" content=\"709\" \/>\n\t<meta property=\"og:image:height\" content=\"434\" \/>\n\t<meta property=\"og:image:type\" content=\"image\/jpeg\" \/>\n<meta name=\"twitter:card\" content=\"summary_large_image\" \/>\n<meta name=\"twitter:site\" content=\"@JAGAlcaideSL\" \/>\n<meta name=\"twitter:label1\" content=\"Temps estimat de lectura\" \/>\n\t<meta name=\"twitter:data1\" content=\"7 minuts\" \/>\n<script type=\"application\/ld+json\" class=\"yoast-schema-graph\">{\"@context\":\"https:\\\/\\\/schema.org\",\"@graph\":[{\"@type\":\"WebPage\",\"@id\":\"https:\\\/\\\/www.jagalcaide.com\\\/ca\\\/producte\\\/aire-condicionat-daikin-adeas100a\\\/\",\"url\":\"https:\\\/\\\/www.jagalcaide.com\\\/ca\\\/producte\\\/aire-condicionat-daikin-adeas100a\\\/\",\"name\":\"Aire condicionat Daikin ADEAS100A | JAG Alcaide\",\"isPartOf\":{\"@id\":\"https:\\\/\\\/www.jagalcaide.com\\\/ca\\\/#website\"},\"primaryImageOfPage\":{\"@id\":\"https:\\\/\\\/www.jagalcaide.com\\\/ca\\\/producte\\\/aire-condicionat-daikin-adeas100a\\\/#primaryimage\"},\"image\":{\"@id\":\"https:\\\/\\\/www.jagalcaide.com\\\/ca\\\/producte\\\/aire-condicionat-daikin-adeas100a\\\/#primaryimage\"},\"thumbnailUrl\":\"https:\\\/\\\/www.jagalcaide.com\\\/wp-content\\\/uploads\\\/2026\\\/03\\\/Daikin-ADEAS.jpg\",\"datePublished\":\"2026-03-08T19:33:05+00:00\",\"dateModified\":\"2026-03-09T07:40:07+00:00\",\"description\":\"Aire acondicionat Daikin mod. ADEAS100A instal\u00b7lat i amb IVA incl\u00f2s per nom\u00e9s 4200\u20ac. M\u00e9s de 70 anys com a instal\u00b7ladors Truca'ns!\",\"breadcrumb\":{\"@id\":\"https:\\\/\\\/www.jagalcaide.com\\\/ca\\\/producte\\\/aire-condicionat-daikin-adeas100a\\\/#breadcrumb\"},\"inLanguage\":\"ca\",\"potentialAction\":[{\"@type\":\"ReadAction\",\"target\":[\"https:\\\/\\\/www.jagalcaide.com\\\/ca\\\/producte\\\/aire-condicionat-daikin-adeas100a\\\/\"]}]},{\"@type\":\"ImageObject\",\"inLanguage\":\"ca\",\"@id\":\"https:\\\/\\\/www.jagalcaide.com\\\/ca\\\/producte\\\/aire-condicionat-daikin-adeas100a\\\/#primaryimage\",\"url\":\"https:\\\/\\\/www.jagalcaide.com\\\/wp-content\\\/uploads\\\/2026\\\/03\\\/Daikin-ADEAS.jpg\",\"contentUrl\":\"https:\\\/\\\/www.jagalcaide.com\\\/wp-content\\\/uploads\\\/2026\\\/03\\\/Daikin-ADEAS.jpg\",\"width\":709,\"height\":434,\"caption\":\"Daikin ADEAS\"},{\"@type\":\"BreadcrumbList\",\"@id\":\"https:\\\/\\\/www.jagalcaide.com\\\/ca\\\/producte\\\/aire-condicionat-daikin-adeas100a\\\/#breadcrumb\",\"itemListElement\":[{\"@type\":\"ListItem\",\"position\":1,\"name\":\"Portada\",\"item\":\"https:\\\/\\\/www.jagalcaide.com\\\/ca\\\/\"},{\"@type\":\"ListItem\",\"position\":2,\"name\":\"Woocommerce shop\",\"item\":\"https:\\\/\\\/www.jagalcaide.com\\\/woocommerce-shop\\\/\"},{\"@type\":\"ListItem\",\"position\":3,\"name\":\"Aire Condicionat Daikin ADEAS100A\"}]},{\"@type\":\"WebSite\",\"@id\":\"https:\\\/\\\/www.jagalcaide.com\\\/ca\\\/#website\",\"url\":\"https:\\\/\\\/www.jagalcaide.com\\\/ca\\\/\",\"name\":\"JAG Alcaide - Instalaci\u00f3n y reparaci\u00f3n de Aire Acondicionado y Calderas\",\"description\":\"Otro sitio realizado con WordPress\",\"publisher\":{\"@id\":\"https:\\\/\\\/www.jagalcaide.com\\\/ca\\\/#organization\"},\"potentialAction\":[{\"@type\":\"SearchAction\",\"target\":{\"@type\":\"EntryPoint\",\"urlTemplate\":\"https:\\\/\\\/www.jagalcaide.com\\\/ca\\\/?s={search_term_string}\"},\"query-input\":{\"@type\":\"PropertyValueSpecification\",\"valueRequired\":true,\"valueName\":\"search_term_string\"}}],\"inLanguage\":\"ca\"},{\"@type\":\"Organization\",\"@id\":\"https:\\\/\\\/www.jagalcaide.com\\\/ca\\\/#organization\",\"name\":\"JAG Alcaide\",\"url\":\"https:\\\/\\\/www.jagalcaide.com\\\/ca\\\/\",\"logo\":{\"@type\":\"ImageObject\",\"inLanguage\":\"ca\",\"@id\":\"https:\\\/\\\/www.jagalcaide.com\\\/ca\\\/#\\\/schema\\\/logo\\\/image\\\/\",\"url\":\"https:\\\/\\\/www.jagalcaide.com\\\/wp-content\\\/uploads\\\/2023\\\/05\\\/logo-alcaide-gran.jpg\",\"contentUrl\":\"https:\\\/\\\/www.jagalcaide.com\\\/wp-content\\\/uploads\\\/2023\\\/05\\\/logo-alcaide-gran.jpg\",\"width\":696,\"height\":696,\"caption\":\"JAG Alcaide\"},\"image\":{\"@id\":\"https:\\\/\\\/www.jagalcaide.com\\\/ca\\\/#\\\/schema\\\/logo\\\/image\\\/\"},\"sameAs\":[\"https:\\\/\\\/x.com\\\/JAGAlcaideSL\",\"https:\\\/\\\/www.instagram.com\\\/jagalcaide\\\/\",\"https:\\\/\\\/www.linkedin.com\\\/company\\\/j-a-g-alcaide-s-l-\"]}]}<\/script>\n<!-- \/ Yoast SEO plugin. -->","yoast_head_json":{"title":"Aire condicionat Daikin ADEAS100A | JAG Alcaide","description":"Aire acondicionat Daikin mod. ADEAS100A instal\u00b7lat i amb IVA incl\u00f2s per nom\u00e9s 4200\u20ac. M\u00e9s de 70 anys com a instal\u00b7ladors Truca'ns!","robots":{"index":"index","follow":"follow","max-snippet":"max-snippet:-1","max-image-preview":"max-image-preview:large","max-video-preview":"max-video-preview:-1"},"canonical":"https:\/\/www.jagalcaide.com\/ca\/producte\/aire-condicionat-daikin-adeas100a\/","og_locale":"ca_ES","og_type":"article","og_title":"Aire condicionat Daikin ADEAS100A | JAG Alcaide","og_description":"Aire acondicionat Daikin mod. ADEAS100A instal\u00b7lat i amb IVA incl\u00f2s per nom\u00e9s 4200\u20ac. M\u00e9s de 70 anys com a instal\u00b7ladors Truca'ns!","og_url":"https:\/\/www.jagalcaide.com\/ca\/producte\/aire-condicionat-daikin-adeas100a\/","og_site_name":"JAG ALCAIDE \u2013 Instalaci\u00f3n, reparaci\u00f3n y mantenimiento en Barcelona","article_modified_time":"2026-03-09T07:40:07+00:00","og_image":[{"width":709,"height":434,"url":"https:\/\/www.jagalcaide.com\/wp-content\/uploads\/2026\/03\/Daikin-ADEAS.jpg","type":"image\/jpeg"}],"twitter_card":"summary_large_image","twitter_site":"@JAGAlcaideSL","twitter_misc":{"Temps estimat de lectura":"7 minuts"},"schema":{"@context":"https:\/\/schema.org","@graph":[{"@type":"WebPage","@id":"https:\/\/www.jagalcaide.com\/ca\/producte\/aire-condicionat-daikin-adeas100a\/","url":"https:\/\/www.jagalcaide.com\/ca\/producte\/aire-condicionat-daikin-adeas100a\/","name":"Aire condicionat Daikin ADEAS100A | JAG Alcaide","isPartOf":{"@id":"https:\/\/www.jagalcaide.com\/ca\/#website"},"primaryImageOfPage":{"@id":"https:\/\/www.jagalcaide.com\/ca\/producte\/aire-condicionat-daikin-adeas100a\/#primaryimage"},"image":{"@id":"https:\/\/www.jagalcaide.com\/ca\/producte\/aire-condicionat-daikin-adeas100a\/#primaryimage"},"thumbnailUrl":"https:\/\/www.jagalcaide.com\/wp-content\/uploads\/2026\/03\/Daikin-ADEAS.jpg","datePublished":"2026-03-08T19:33:05+00:00","dateModified":"2026-03-09T07:40:07+00:00","description":"Aire acondicionat Daikin mod. ADEAS100A instal\u00b7lat i amb IVA incl\u00f2s per nom\u00e9s 4200\u20ac. M\u00e9s de 70 anys com a instal\u00b7ladors Truca'ns!","breadcrumb":{"@id":"https:\/\/www.jagalcaide.com\/ca\/producte\/aire-condicionat-daikin-adeas100a\/#breadcrumb"},"inLanguage":"ca","potentialAction":[{"@type":"ReadAction","target":["https:\/\/www.jagalcaide.com\/ca\/producte\/aire-condicionat-daikin-adeas100a\/"]}]},{"@type":"ImageObject","inLanguage":"ca","@id":"https:\/\/www.jagalcaide.com\/ca\/producte\/aire-condicionat-daikin-adeas100a\/#primaryimage","url":"https:\/\/www.jagalcaide.com\/wp-content\/uploads\/2026\/03\/Daikin-ADEAS.jpg","contentUrl":"https:\/\/www.jagalcaide.com\/wp-content\/uploads\/2026\/03\/Daikin-ADEAS.jpg","width":709,"height":434,"caption":"Daikin ADEAS"},{"@type":"BreadcrumbList","@id":"https:\/\/www.jagalcaide.com\/ca\/producte\/aire-condicionat-daikin-adeas100a\/#breadcrumb","itemListElement":[{"@type":"ListItem","position":1,"name":"Portada","item":"https:\/\/www.jagalcaide.com\/ca\/"},{"@type":"ListItem","position":2,"name":"Woocommerce shop","item":"https:\/\/www.jagalcaide.com\/woocommerce-shop\/"},{"@type":"ListItem","position":3,"name":"Aire Condicionat Daikin ADEAS100A"}]},{"@type":"WebSite","@id":"https:\/\/www.jagalcaide.com\/ca\/#website","url":"https:\/\/www.jagalcaide.com\/ca\/","name":"JAG Alcaide - Instalaci\u00f3n y reparaci\u00f3n de Aire Acondicionado y Calderas","description":"Otro sitio realizado con WordPress","publisher":{"@id":"https:\/\/www.jagalcaide.com\/ca\/#organization"},"potentialAction":[{"@type":"SearchAction","target":{"@type":"EntryPoint","urlTemplate":"https:\/\/www.jagalcaide.com\/ca\/?s={search_term_string}"},"query-input":{"@type":"PropertyValueSpecification","valueRequired":true,"valueName":"search_term_string"}}],"inLanguage":"ca"},{"@type":"Organization","@id":"https:\/\/www.jagalcaide.com\/ca\/#organization","name":"JAG Alcaide","url":"https:\/\/www.jagalcaide.com\/ca\/","logo":{"@type":"ImageObject","inLanguage":"ca","@id":"https:\/\/www.jagalcaide.com\/ca\/#\/schema\/logo\/image\/","url":"https:\/\/www.jagalcaide.com\/wp-content\/uploads\/2023\/05\/logo-alcaide-gran.jpg","contentUrl":"https:\/\/www.jagalcaide.com\/wp-content\/uploads\/2023\/05\/logo-alcaide-gran.jpg","width":696,"height":696,"caption":"JAG Alcaide"},"image":{"@id":"https:\/\/www.jagalcaide.com\/ca\/#\/schema\/logo\/image\/"},"sameAs":["https:\/\/x.com\/JAGAlcaideSL","https:\/\/www.instagram.com\/jagalcaide\/","https:\/\/www.linkedin.com\/company\/j-a-g-alcaide-s-l-"]}]}},"wpml_current_locale":"ca","wpml_translations":{"en_US":{"locale":"en_US","id":6533,"slug":"air-conditioner-daikin-adeas100a","post_title":"Air conditioner Daikin ADEAS100A","href":"https:\/\/www.jagalcaide.com\/en\/producto\/air-conditioner-daikin-adeas100a\/"},"es_ES":{"locale":"es_ES","id":6531,"slug":"aire-acondicionado-daikin-adeas100a","post_title":"Aire Acondicionado Daikin ADEAS100A","href":"https:\/\/www.jagalcaide.com\/producto\/aire-acondicionado-daikin-adeas100a\/"}},"_links":{"self":[{"href":"https:\/\/www.jagalcaide.com\/ca\/wp-json\/wp\/v2\/product\/6532","targetHints":{"allow":["GET"]}}],"collection":[{"href":"https:\/\/www.jagalcaide.com\/ca\/wp-json\/wp\/v2\/product"}],"about":[{"href":"https:\/\/www.jagalcaide.com\/ca\/wp-json\/wp\/v2\/types\/product"}],"replies":[{"embeddable":true,"href":"https:\/\/www.jagalcaide.com\/ca\/wp-json\/wp\/v2\/comments?post=6532"}],"wp:featuredmedia":[{"embeddable":true,"href":"https:\/\/www.jagalcaide.com\/ca\/wp-json\/wp\/v2\/media\/6517"}],"wp:attachment":[{"href":"https:\/\/www.jagalcaide.com\/ca\/wp-json\/wp\/v2\/media?parent=6532"}],"wp:term":[{"taxonomy":"product_brand","embeddable":true,"href":"https:\/\/www.jagalcaide.com\/ca\/wp-json\/wp\/v2\/product_brand?post=6532"},{"taxonomy":"product_cat","embeddable":true,"href":"https:\/\/www.jagalcaide.com\/ca\/wp-json\/wp\/v2\/product_cat?post=6532"},{"taxonomy":"product_tag","embeddable":true,"href":"https:\/\/www.jagalcaide.com\/ca\/wp-json\/wp\/v2\/product_tag?post=6532"}],"curies":[{"name":"wp","href":"https:\/\/api.w.org\/{rel}","templated":true}]}}